{"id":3272,"date":"2023-09-13T15:01:24","date_gmt":"2023-09-13T13:01:24","guid":{"rendered":"https:\/\/campingdujard.fr\/dienstleistungen-leistungen\/"},"modified":"2025-11-04T13:43:12","modified_gmt":"2025-11-04T12:43:12","slug":"dienstleistungen-leistungen","status":"publish","type":"page","link":"https:\/\/campingdujard.fr\/de\/dienstleistungen-leistungen\/","title":{"rendered":"Dienste &amp; Leistungen"},"content":{"rendered":"\n<div class=\"is-layout-constrained wp-block-group alignfull J-00\">\n<figure class=\"wp-block-image size-full fc-auto\"><img decoding=\"async\" width=\"1920\" height=\"1280\" src=\"https:\/\/campingdujard.fr\/wp-content\/uploads\/2023\/08\/R5_9281-1.jpg\" alt=\"\" class=\"wp-image-260\" srcset=\"https:\/\/campingdujard.fr\/wp-content\/uploads\/2023\/08\/R5_9281-1.jpg 1920w, https:\/\/campingdujard.fr\/wp-content\/uploads\/2023\/08\/R5_9281-1-300x200.jpg 300w, https:\/\/campingdujard.fr\/wp-content\/uploads\/2023\/08\/R5_9281-1-1024x683.jpg 1024w, https:\/\/campingdujard.fr\/wp-content\/uploads\/2023\/08\/R5_9281-1-768x512.jpg 768w, https:\/\/campingdujard.fr\/wp-content\/uploads\/2023\/08\/R5_9281-1-1536x1024.jpg 1536w\" sizes=\"(max-width: 1920px) 100vw, 1920px\" \/><\/figure>\n\n\n\n<p class=\"has-text-align-center\"><strong>Services &amp; Leistungen<\/strong> mit Restaurant, Bar, Fitnessraum&#8230;<\/p>\n\n\n<div class=\"barre_resa\"><div><label for=\"barre-datepicker\">Daten Ihres Aufenthalts<\/label><span class=\"fc-icon\" style=\"width:30px; height:30px\"><svg xmlns=\"http:\/\/www.w3.org\/2000\/svg\" viewBox=\"0 0 448 512\"><!--! Font Awesome Free 6.4.2 by @fontawesome - https:\/\/fontawesome.com License - https:\/\/fontawesome.com\/license (Commercial License) Copyright 2023 Fonticons, Inc. --><path d=\"M152 24c0-13.3-10.7-24-24-24s-24 10.7-24 24V64H64C28.7 64 0 92.7 0 128v16 48V448c0 35.3 28.7 64 64 64H384c35.3 0 64-28.7 64-64V192 144 128c0-35.3-28.7-64-64-64H344V24c0-13.3-10.7-24-24-24s-24 10.7-24 24V64H152V24zM48 192h80v56H48V192zm0 104h80v64H48V296zm128 0h96v64H176V296zm144 0h80v64H320V296zm80-48H320V192h80v56zm0 160v40c0 8.8-7.2 16-16 16H320V408h80zm-128 0v56H176V408h96zm-144 0v56H64c-8.8 0-16-7.2-16-16V408h80zM272 248H176V192h96v56z\"\/><\/svg><\/span><input type=\"text\" id=\"barre-datepicker\" placeholder=\"W\u00e4hlen Sie Ihre Daten aus\" data-input><\/div><div><button class=\"typesejour\">Art der Unterkunft<\/button><span class=\"placeholder\">Alle Unterk\u00fcnfte<\/span><span class=\"fc-icon\" style=\"width:30px; height:30px\"><svg xmlns=\"http:\/\/www.w3.org\/2000\/svg\" viewBox=\"0 0 512 512\"><!--! Font Awesome Pro 6.4.2 by @fontawesome - https:\/\/fontawesome.com License - https:\/\/fontawesome.com\/license (Commercial License) Copyright 2023 Fonticons, Inc. --><path d=\"M239 401c9.4 9.4 24.6 9.4 33.9 0L465 209c9.4-9.4 9.4-24.6 0-33.9s-24.6-9.4-33.9 0l-175 175L81 175c-9.4-9.4-24.6-9.4-33.9 0s-9.4 24.6 0 33.9L239 401z\"\/><\/svg><\/span><div class=\"filtre typesejour\"><div><input value=\"hebergements\" type=\"radio\" name=\"barre-typesejour\" id=\"type-hebergement\"><label for=\"type-hebergement\">Unterk\u00fcnfte<\/label><\/div><div><input value=\"emplacement\" type=\"radio\" name=\"barre-typesejour\" id=\"type-emplacement\"><label for=\"type-emplacement\">Standort<\/label><\/div><\/div><\/div><div><button class=\"nombrepersonnes\">Kapazit\u00e4t<\/button><span class=\"placeholder\">Alle F\u00e4higkeiten<\/span><span class=\"fc-icon\" style=\"width:30px; height:30px\"><svg xmlns=\"http:\/\/www.w3.org\/2000\/svg\" viewBox=\"0 0 512 512\"><!--! Font Awesome Pro 6.4.2 by @fontawesome - https:\/\/fontawesome.com License - https:\/\/fontawesome.com\/license (Commercial License) Copyright 2023 Fonticons, Inc. --><path d=\"M239 401c9.4 9.4 24.6 9.4 33.9 0L465 209c9.4-9.4 9.4-24.6 0-33.9s-24.6-9.4-33.9 0l-175 175L81 175c-9.4-9.4-24.6-9.4-33.9 0s-9.4 24.6 0 33.9L239 401z\"\/><\/svg><\/span><div class=\"filtre nombrepersonnes\"><div><input value=\"1\" type=\"radio\" name=\"barre-nombrepersonnes\" id=\"personnes-1\"><label for=\"personnes-1\">1 und +<\/label><\/div><div><input value=\"2\" type=\"radio\" name=\"barre-nombrepersonnes\" id=\"personnes-2\"><label for=\"personnes-2\">2 und +<\/label><\/div><div><input value=\"3\" type=\"radio\" name=\"barre-nombrepersonnes\" id=\"personnes-3\"><label for=\"personnes-3\">3 und +<\/label><\/div><div><input value=\"4\" type=\"radio\" name=\"barre-nombrepersonnes\" id=\"personnes-4\"><label for=\"personnes-4\">4 und +<\/label><\/div><div><input value=\"5\" type=\"radio\" name=\"barre-nombrepersonnes\" id=\"personnes-5\"><label for=\"personnes-5\">5 und +<\/label><\/div><div><input value=\"6\" type=\"radio\" name=\"barre-nombrepersonnes\" id=\"personnes-6\"><label for=\"personnes-6\">6 und +<\/label><\/div><\/div><\/div><button class=\"btn_resa\"><span class=\"fc-icon\" style=\"width:30px; height:30px\"><svg xmlns=\"http:\/\/www.w3.org\/2000\/svg\" viewBox=\"0 0 512 512\"><!--! Font Awesome Pro 6.4.2 by @fontawesome - https:\/\/fontawesome.com License - https:\/\/fontawesome.com\/license (Commercial License) Copyright 2023 Fonticons, Inc. --><path d=\"M368 208A160 160 0 1 0 48 208a160 160 0 1 0 320 0zM337.1 371.1C301.7 399.2 256.8 416 208 416C93.1 416 0 322.9 0 208S93.1 0 208 0S416 93.1 416 208c0 48.8-16.8 93.7-44.9 129.1L505 471c9.4 9.4 9.4 24.6 0 33.9s-24.6 9.4-33.9 0L337.1 371.1z\"\/><\/svg><\/span>Suche<\/button><\/div>\n<\/div>\n\n\n\n<div class=\"is-layout-flex wp-container-3 wp-block-columns\">\n<div class=\"is-layout-flow wp-block-column\">\n<h1 class=\"has-text-align-center\">Campingplatz La Tranche sur Mer mit Service<\/h1>\n\n\n\n<h2 class=\"has-text-align-center h1\">4-Sterne-Service f\u00fcr einen au\u00dfergew\u00f6hnlichen Urlaub in La Tranche sur Mer<\/h2>\n\n\n\n<p class=\"has-text-align-center marge-auto\">Ihr Campingplatz hat eine ideale Lage am Meer, sodass Sie die Freuden des Ozeans und die Landschaften der K\u00fcste der Vend\u00e9e in vollen Z\u00fcgen genie\u00dfen k\u00f6nnen. Damit Sie <strong>Ihren Urlaub in der Vend\u00e9e in<\/strong> vollen Z\u00fcgen genie\u00dfen k\u00f6nnen und Ihr Aufenthalt so komfortabel wie m\u00f6glich verl\u00e4uft, stellt der Campingplatz du Jard eine Vielzahl von Dienstleistungen zur Verf\u00fcgung! Sie finden alle <strong>Annehmlichkeiten vor Ort<\/strong> wieder.<\/p>\n\n\n\n<div class=\"wp-block-fc-gut-lire-plus fc-mob\"><label class=\"has-text-align-center\"><input type=\"checkbox\">Lire plus<\/label>\n<p class=\"has-text-align-center marge-auto\">In der Hochsaison (Juli\/August) ist die Rezeption <strong>von 9:00 bis 20:00 Uhr ge\u00f6ffnet<\/strong>. In der Nebensaison ist die Rezeption Montag bis Donnerstag von 9:30 bis 12:30 Uhr und von 14:00 bis 18:00 Uhr und Freitag bis Sonntag von 9:00 bis 20:00 Uhr ge\u00f6ffnet. Im Juli und August gibt es einen Pendelbus, mit dem Sie sich <strong>kostenlos in La Tranche sur Mer fort<\/strong>bewegen k\u00f6nnen. Haltestelle &#8222;Parc des Jards&#8220; in der N\u00e4he des Campingplatzes. Lesen Sie alle Infos zu diesem Service auf <a href=\"https:\/\/www.latranchesurmer.fr\/navettes-gratuites-funbus-et-ecobus\/\" data-type=\"URL\" data-id=\"https:\/\/www.latranchesurmer.fr\/navettes-gratuites-funbus-et-ecobus\/\" target=\"_blank\" rel=\"noreferrer noopener\">der Website der Stadt La Tranche sur Mer<\/a>.<\/p>\n<\/div>\n<\/div>\n<\/div>\n\n\n\n<div class=\"is-layout-flex wp-container-9 wp-block-columns J-05\">\n<div class=\"is-layout-flow wp-block-column is-vertically-aligned-center\">\n<figure class=\"is-layout-flex wp-block-gallery-4 wp-block-gallery has-nested-images columns-1 is-cropped fc-diapo fc-auto\">\n<figure class=\"wp-block-image size-full fc-auto\"><img decoding=\"async\" width=\"1708\" height=\"2560\" src=\"https:\/\/campingdujard.fr\/wp-content\/uploads\/2023\/08\/R5_9508-scaled.jpg\" alt=\"\" class=\"wp-image-1978\" srcset=\"https:\/\/campingdujard.fr\/wp-content\/uploads\/2023\/08\/R5_9508-scaled.jpg 1708w, https:\/\/campingdujard.fr\/wp-content\/uploads\/2023\/08\/R5_9508-200x300.jpg 200w, https:\/\/campingdujard.fr\/wp-content\/uploads\/2023\/08\/R5_9508-683x1024.jpg 683w, https:\/\/campingdujard.fr\/wp-content\/uploads\/2023\/08\/R5_9508-768x1151.jpg 768w, https:\/\/campingdujard.fr\/wp-content\/uploads\/2023\/08\/R5_9508-1025x1536.jpg 1025w, https:\/\/campingdujard.fr\/wp-content\/uploads\/2023\/08\/R5_9508-1366x2048.jpg 1366w\" sizes=\"(max-width: 1708px) 100vw, 1708px\" \/><\/figure>\n\n\n\n<figure class=\"wp-block-image size-full fc-auto\"><img decoding=\"async\" width=\"960\" height=\"640\" src=\"https:\/\/campingdujard.fr\/wp-content\/uploads\/2023\/08\/bar-2.jpg\" alt=\"\" class=\"wp-image-280\" srcset=\"https:\/\/campingdujard.fr\/wp-content\/uploads\/2023\/08\/bar-2.jpg 960w, https:\/\/campingdujard.fr\/wp-content\/uploads\/2023\/08\/bar-2-300x200.jpg 300w, https:\/\/campingdujard.fr\/wp-content\/uploads\/2023\/08\/bar-2-768x512.jpg 768w\" sizes=\"(max-width: 960px) 100vw, 960px\" \/><\/figure>\n\n\n\n<figure class=\"wp-block-image size-full fc-auto\"><img decoding=\"async\" width=\"960\" height=\"640\" src=\"https:\/\/campingdujard.fr\/wp-content\/uploads\/2023\/08\/bar-3.jpg\" alt=\"\" class=\"wp-image-284\" srcset=\"https:\/\/campingdujard.fr\/wp-content\/uploads\/2023\/08\/bar-3.jpg 960w, https:\/\/campingdujard.fr\/wp-content\/uploads\/2023\/08\/bar-3-300x200.jpg 300w, https:\/\/campingdujard.fr\/wp-content\/uploads\/2023\/08\/bar-3-768x512.jpg 768w\" sizes=\"(max-width: 960px) 100vw, 960px\" \/><\/figure>\n\n\n\n<figure class=\"wp-block-image size-full fc-auto\"><img decoding=\"async\" width=\"2560\" height=\"1708\" src=\"https:\/\/campingdujard.fr\/wp-content\/uploads\/2023\/08\/R5_3276-scaled.jpg\" alt=\"\" class=\"wp-image-2817\" srcset=\"https:\/\/campingdujard.fr\/wp-content\/uploads\/2023\/08\/R5_3276-scaled.jpg 2560w, https:\/\/campingdujard.fr\/wp-content\/uploads\/2023\/08\/R5_3276-300x200.jpg 300w, https:\/\/campingdujard.fr\/wp-content\/uploads\/2023\/08\/R5_3276-1024x683.jpg 1024w, https:\/\/campingdujard.fr\/wp-content\/uploads\/2023\/08\/R5_3276-768x512.jpg 768w, https:\/\/campingdujard.fr\/wp-content\/uploads\/2023\/08\/R5_3276-1536x1025.jpg 1536w, https:\/\/campingdujard.fr\/wp-content\/uploads\/2023\/08\/R5_3276-2048x1366.jpg 2048w\" sizes=\"(max-width: 2560px) 100vw, 2560px\" \/><\/figure>\n\n\n\n<figure class=\"wp-block-image size-full fc-auto\"><img decoding=\"async\" width=\"2560\" height=\"1708\" src=\"https:\/\/campingdujard.fr\/wp-content\/uploads\/2023\/08\/R5_9463-scaled.jpg\" alt=\"\" class=\"wp-image-1525\" srcset=\"https:\/\/campingdujard.fr\/wp-content\/uploads\/2023\/08\/R5_9463-scaled.jpg 2560w, https:\/\/campingdujard.fr\/wp-content\/uploads\/2023\/08\/R5_9463-300x200.jpg 300w, https:\/\/campingdujard.fr\/wp-content\/uploads\/2023\/08\/R5_9463-1024x683.jpg 1024w, https:\/\/campingdujard.fr\/wp-content\/uploads\/2023\/08\/R5_9463-768x512.jpg 768w, https:\/\/campingdujard.fr\/wp-content\/uploads\/2023\/08\/R5_9463-1536x1025.jpg 1536w, https:\/\/campingdujard.fr\/wp-content\/uploads\/2023\/08\/R5_9463-2048x1366.jpg 2048w\" sizes=\"(max-width: 2560px) 100vw, 2560px\" \/><\/figure>\n\n\n\n<figure class=\"wp-block-image size-full fc-auto\"><img decoding=\"async\" width=\"2560\" height=\"1708\" src=\"https:\/\/campingdujard.fr\/wp-content\/uploads\/2023\/08\/R5_9494-scaled.jpg\" alt=\"\" class=\"wp-image-1529\" srcset=\"https:\/\/campingdujard.fr\/wp-content\/uploads\/2023\/08\/R5_9494-scaled.jpg 2560w, https:\/\/campingdujard.fr\/wp-content\/uploads\/2023\/08\/R5_9494-300x200.jpg 300w, https:\/\/campingdujard.fr\/wp-content\/uploads\/2023\/08\/R5_9494-1024x683.jpg 1024w, https:\/\/campingdujard.fr\/wp-content\/uploads\/2023\/08\/R5_9494-768x512.jpg 768w, https:\/\/campingdujard.fr\/wp-content\/uploads\/2023\/08\/R5_9494-1536x1025.jpg 1536w, https:\/\/campingdujard.fr\/wp-content\/uploads\/2023\/08\/R5_9494-2048x1366.jpg 2048w\" sizes=\"(max-width: 2560px) 100vw, 2560px\" \/><\/figure>\n\n\n\n<figure class=\"wp-block-image size-full fc-auto\"><img decoding=\"async\" width=\"1708\" height=\"2560\" src=\"https:\/\/campingdujard.fr\/wp-content\/uploads\/2023\/08\/R5_9433-scaled.jpg\" alt=\"\" class=\"wp-image-1533\" srcset=\"https:\/\/campingdujard.fr\/wp-content\/uploads\/2023\/08\/R5_9433-scaled.jpg 1708w, https:\/\/campingdujard.fr\/wp-content\/uploads\/2023\/08\/R5_9433-200x300.jpg 200w, https:\/\/campingdujard.fr\/wp-content\/uploads\/2023\/08\/R5_9433-683x1024.jpg 683w, https:\/\/campingdujard.fr\/wp-content\/uploads\/2023\/08\/R5_9433-768x1151.jpg 768w, https:\/\/campingdujard.fr\/wp-content\/uploads\/2023\/08\/R5_9433-1025x1536.jpg 1025w, https:\/\/campingdujard.fr\/wp-content\/uploads\/2023\/08\/R5_9433-1366x2048.jpg 1366w\" sizes=\"(max-width: 1708px) 100vw, 1708px\" \/><\/figure>\n\n\n\n<figure class=\"wp-block-image size-full fc-auto\"><img decoding=\"async\" width=\"1080\" height=\"1619\" src=\"https:\/\/campingdujard.fr\/wp-content\/uploads\/2023\/08\/batch__R5_9505.png\" alt=\"\" class=\"wp-image-1983\" srcset=\"https:\/\/campingdujard.fr\/wp-content\/uploads\/2023\/08\/batch__R5_9505.png 1080w, https:\/\/campingdujard.fr\/wp-content\/uploads\/2023\/08\/batch__R5_9505-200x300.png 200w, https:\/\/campingdujard.fr\/wp-content\/uploads\/2023\/08\/batch__R5_9505-683x1024.png 683w, https:\/\/campingdujard.fr\/wp-content\/uploads\/2023\/08\/batch__R5_9505-768x1151.png 768w, https:\/\/campingdujard.fr\/wp-content\/uploads\/2023\/08\/batch__R5_9505-1025x1536.png 1025w\" sizes=\"(max-width: 1080px) 100vw, 1080px\" \/><\/figure>\n\n\n\n<figure class=\"wp-block-image size-full fc-auto\"><img decoding=\"async\" width=\"1080\" height=\"720\" src=\"https:\/\/campingdujard.fr\/wp-content\/uploads\/2023\/08\/batch__R5_9317.jpg\" alt=\"\" class=\"wp-image-2821\" srcset=\"https:\/\/campingdujard.fr\/wp-content\/uploads\/2023\/08\/batch__R5_9317.jpg 1080w, https:\/\/campingdujard.fr\/wp-content\/uploads\/2023\/08\/batch__R5_9317-300x200.jpg 300w, https:\/\/campingdujard.fr\/wp-content\/uploads\/2023\/08\/batch__R5_9317-1024x683.jpg 1024w, https:\/\/campingdujard.fr\/wp-content\/uploads\/2023\/08\/batch__R5_9317-768x512.jpg 768w\" sizes=\"(max-width: 1080px) 100vw, 1080px\" \/><\/figure>\n\n\n\n<figure class=\"wp-block-image size-full fc-auto\"><img decoding=\"async\" width=\"1080\" height=\"720\" src=\"https:\/\/campingdujard.fr\/wp-content\/uploads\/2023\/08\/batch__R5_9321.jpg\" alt=\"\" class=\"wp-image-2825\" srcset=\"https:\/\/campingdujard.fr\/wp-content\/uploads\/2023\/08\/batch__R5_9321.jpg 1080w, https:\/\/campingdujard.fr\/wp-content\/uploads\/2023\/08\/batch__R5_9321-300x200.jpg 300w, https:\/\/campingdujard.fr\/wp-content\/uploads\/2023\/08\/batch__R5_9321-1024x683.jpg 1024w, https:\/\/campingdujard.fr\/wp-content\/uploads\/2023\/08\/batch__R5_9321-768x512.jpg 768w\" sizes=\"(max-width: 1080px) 100vw, 1080px\" \/><\/figure>\n<\/figure>\n<\/div>\n\n\n\n<div class=\"is-layout-flow wp-block-column is-vertically-aligned-center has-beige-background-color has-background\">\n<h2 class=\"h2\">Die Bar des Campingplatzes<\/h2>\n\n\n\n<p>Die Bar des Campingplatzes empf\u00e4ngt Sie ab Mai.<\/p>\n\n\n\n<p>Mit seiner <strong>gro\u00dfen Sonnenterrasse<\/strong> k\u00f6nnen Sie bei einem Kaffee, einem Cocktail oder einem k\u00fchlen Getr\u00e4nk in der N\u00e4he <a href=\"https:\/\/campingdujard.fr\/de\/wasserraum\/\" data-type=\"page\" data-id=\"81\">unseres Wasserparks in der Vend\u00e9e<\/a> gesellige Momente verbringen. Sie k\u00f6nnen sich auch mit unseren verschiedenen Spielen (elektronische Spiele, Tischfu\u00dfball, Billard und Tischtennis) vergn\u00fcgen.<\/p>\n\n\n\n<p>In der Nebensaison ist die Bar montags bis donnerstags von 16:00 bis 21:30 Uhr und freitags bis sonntags von 16:00 bis 23:30 Uhr ge\u00f6ffnet.<br>In der Hochsaison ist die Bar t\u00e4glich von 10:00 bis 24:00 Uhr ge\u00f6ffnet.<\/p>\n\n\n\n<div class=\"is-layout-flex wp-block-buttons\"><\/div>\n<\/div>\n<\/div>\n\n\n\n<div class=\"is-layout-flex wp-container-14 wp-block-columns J-10\">\n<div class=\"is-layout-flow wp-block-column\">\n<ul class=\"pictos big\">\n<li><span class=\"fc-icon\" style=\"width:30px; height:30px\"><svg xmlns=\"http:\/\/www.w3.org\/2000\/svg\" viewBox=\"0 0 448 512\"><!--! Font Awesome Pro 6.4.2 by @fontawesome - https:\/\/fontawesome.com License - https:\/\/fontawesome.com\/license (Commercial License) Copyright 2023 Fonticons, Inc. --><path d=\"M224 0C139.7 0 70.6 65.2 64.4 147.9C36.2 157.7 16 184.5 16 216c0 39.8 32.2 72 72 72h45.5 181H360c39.8 0 72-32.2 72-72c0-31.5-20.2-58.3-48.4-68.1C377.4 65.2 308.3 0 224 0zM96 160v0C96 89.3 153.3 32 224 32s128 57.3 128 128l0 .5c0 8 5.8 14.7 13.7 15.9c19.4 2.8 34.3 19.5 34.3 39.6c0 22.1-17.9 40-40 40H314.5h-181H88c-22.1 0-40-17.9-40-40c0-20.1 14.9-36.8 34.3-39.6c7.9-1.1 13.8-7.9 13.7-15.9l0-.5zM200.1 498.1c4.9 8.6 14 13.9 23.9 13.9s19-5.3 23.9-13.9L349.7 320H312.9L224 475.5 135.1 320H98.3L200.1 498.1z\"\/><\/svg><\/span> Eiscreme<\/li>\n\n\n\n<li><span class=\"fc-icon\" style=\"width:30px; height:30px\"><svg xmlns=\"http:\/\/www.w3.org\/2000\/svg\" viewBox=\"0 0 512 512\"><!--! Font Awesome Pro 6.4.2 by @fontawesome - https:\/\/fontawesome.com License - https:\/\/fontawesome.com\/license (Commercial License) Copyright 2023 Fonticons, Inc. --><path d=\"M480 256A224 224 0 1 0 32 256a224 224 0 1 0 448 0zM0 256a256 256 0 1 1 512 0A256 256 0 1 1 0 256zM272 80v64h64V112c0-8.8 7.2-16 16-16s16 7.2 16 16v32h32c8.8 0 16 7.2 16 16s-7.2 16-16 16H368v64h64c8.8 0 16 7.2 16 16s-7.2 16-16 16H368v64h32c8.8 0 16 7.2 16 16s-7.2 16-16 16H368v32c0 8.8-7.2 16-16 16s-16-7.2-16-16V368H272v64c0 8.8-7.2 16-16 16s-16-7.2-16-16V368H176v32c0 8.8-7.2 16-16 16s-16-7.2-16-16V368H112c-8.8 0-16-7.2-16-16s7.2-16 16-16h32V272H80c-8.8 0-16-7.2-16-16s7.2-16 16-16h64V176H112c-8.8 0-16-7.2-16-16s7.2-16 16-16h32V112c0-8.8 7.2-16 16-16s16 7.2 16 16v32l64 0V80c0-8.8 7.2-16 16-16s16 7.2 16 16zm-96 96v64h64V176l-64 0zm0 96v64h64V272H176zm96 0v64h64V272H272zm0-32h64V176H272v64z\"\/><\/svg><\/span> Waffeln<\/li>\n\n\n\n<li><span class=\"fc-icon\" style=\"width:30px; height:30px\"><svg xmlns=\"http:\/\/www.w3.org\/2000\/svg\" viewBox=\"0 0 512 512\"><!--! Font Awesome Pro 6.4.2 by @fontawesome - https:\/\/fontawesome.com License - https:\/\/fontawesome.com\/license (Commercial License) Copyright 2023 Fonticons, Inc. --><path d=\"M73.8 100c8.5-6.2 21.9-12.5 39.9-18c13.7-4.2 29.6-7.9 47.2-10.7c-.5 2.8-.8 5.7-.8 8.7c0 26.5 21.5 48 48 48h96c26.5 0 48-21.5 48-48c0-3-.3-5.9-.8-8.7c17.5 2.9 33.4 6.5 47.2 10.7c18 5.5 31.3 11.8 39.9 18c8.9 6.5 9.8 10.7 9.8 12c0 1.1-.6 4.3-6.6 9.5c-5.9 5.1-15.5 10.5-29 15.7c-26.7 10.2-65.3 18-110.4 21.2c-25.2 1.8-46.1 22.4-46.1 48.7V288c0 8.8-7.2 16-16 16s-16-7.2-16-16V202.3c0-25.1-20.7-43.9-43.1-46.7c-28.5-3.5-52.9 18.5-52.9 47V336c0 8.8-7.2 16-16 16s-16-7.2-16-16V166.1c0-19-11.4-33.8-23.4-43c-7.9-6-8.6-9.9-8.6-11.1c0-1.3 .9-5.5 9.8-12zM199.5 66.5C217.3 64.9 236.3 64 256 64s38.7 .9 56.5 2.5C317 69.3 320 74.3 320 80c0 8.8-7.2 16-16 16H208c-8.8 0-16-7.2-16-16c0-5.7 3-10.7 7.5-13.5zm-95.3-15C84.5 57.5 67.5 65 54.9 74.1C42.8 83 32 95.6 32 112c0 15.6 9.8 27.8 21.1 36.5c7.4 5.7 10.9 12.1 10.9 17.6V336c0 26.5 21.5 48 48 48s48-21.5 48-48V202.5c0-9.5 7.8-16.3 17-15.2c8.9 1.1 15 8.5 15 14.9V288c0 26.5 21.5 48 48 48s48-21.5 48-48V207.1c0-8.5 6.9-16.1 16.4-16.8c47-3.4 88.9-11.6 119.5-23.3c15.2-5.8 28.6-12.9 38.4-21.3C472 137.4 480 126.1 480 112c0-16.4-10.8-29-22.9-37.9c-12.5-9.1-29.6-16.6-49.3-22.7C368.2 39.3 314.6 32 256 32s-112.2 7.3-151.8 19.5zM426.8 210.7c-28.1 9.5-64.7 15.9-106.8 19v32.1c64.8-4.6 119.7-16.7 153.9-37.3c4.6 5.8 6.1 11.2 6.1 15.5c0 10.8-8.9 27.7-53.2 42.7c-28.4 9.6-65.4 16-108 19.1c-2.1 12.1-7 23.3-13.9 32.9c71.3-3.8 132.1-16.1 169-38.3c4.6 5.8 6.1 11.2 6.1 15.5c0 10.8-8.9 27.7-53.2 42.7C385.2 368.8 325.1 376 256 376c-25.8 0-50.3-1-73.1-3c-6.2 11.9-15.3 22-26.3 29.4c30.6 3.8 64.1 5.6 99.4 5.6c92.1 0 172.8-12.4 217.9-39.5c4.6 5.8 6.1 11.2 6.1 15.5c0 10.8-8.9 27.7-53.2 42.7C385.2 440.8 325.1 448 256 448s-129.2-7.2-170.8-21.3C40.9 411.7 32 394.8 32 384c0-4.4 1.4-9.7 6.1-15.5l1.1 .6C34.6 359 32 347.8 32 336V312 240 172.6c-8.9-7.1-18.9-17.3-25.3-30.9C2.3 149.8 0 158.5 0 168c0 13.5 4.7 25.5 13.4 36C4.7 214.5 0 226.5 0 240s4.7 25.5 13.4 36C4.7 286.5 0 298.5 0 312s4.7 25.5 13.4 36C4.7 358.5 0 370.5 0 384c0 66.7 114.6 96 256 96s256-29.3 256-96c0-13.5-4.7-25.5-13.4-36c8.7-10.5 13.4-22.5 13.4-36s-4.7-25.5-13.4-36c8.7-10.5 13.4-22.5 13.4-36s-4.7-25.5-13.4-36c8.7-10.5 13.4-22.5 13.4-36c0-9.5-2.3-18.3-6.7-26.3c-5.8 12.1-14.3 21.6-22.2 28.3c-1.2 1-2.5 2.1-3.7 3.1c-2.7 10.6-14.7 24.8-52.6 37.6z\"\/><\/svg><\/span> Pfannkuchen<\/li>\n<\/ul>\n\n\n\n<h2 class=\"h2\">Die s\u00fc\u00dfe Strohh\u00fctte<\/h2>\n\n\n\n<p>Gro\u00df und Klein k\u00f6nnen sich nach einem Tag voller Besichtigungen oder Faulenzen am Pool kulinarisch verw\u00f6hnen lassen.<\/p>\n\n\n\n<p>In der Nebensaison ist es nur von Freitag bis Sonntag von 16:00 bis 23:00 Uhr ge\u00f6ffnet. In der Hochsaison ist es t\u00e4glich von 16:00 bis 23:00 Uhr ge\u00f6ffnet.<\/p>\n<\/div>\n\n\n\n<div class=\"is-layout-flow wp-block-column\">\n<figure class=\"is-layout-flex wp-block-gallery-11 wp-block-gallery has-nested-images columns-2 is-cropped fc-diapo fc-auto\">\n<figure class=\"wp-block-image size-full fc-sticky fc-auto\"><img decoding=\"async\" width=\"2560\" height=\"1707\" src=\"https:\/\/campingdujard.fr\/wp-content\/uploads\/2023\/08\/20240718_LeJard_v2-301-scaled.jpg\" alt=\"\" class=\"wp-image-5801\" srcset=\"https:\/\/campingdujard.fr\/wp-content\/uploads\/2023\/08\/20240718_LeJard_v2-301-scaled.jpg 2560w, https:\/\/campingdujard.fr\/wp-content\/uploads\/2023\/08\/20240718_LeJard_v2-301-300x200.jpg 300w, https:\/\/campingdujard.fr\/wp-content\/uploads\/2023\/08\/20240718_LeJard_v2-301-1024x683.jpg 1024w, https:\/\/campingdujard.fr\/wp-content\/uploads\/2023\/08\/20240718_LeJard_v2-301-768x512.jpg 768w, https:\/\/campingdujard.fr\/wp-content\/uploads\/2023\/08\/20240718_LeJard_v2-301-1536x1024.jpg 1536w, https:\/\/campingdujard.fr\/wp-content\/uploads\/2023\/08\/20240718_LeJard_v2-301-2048x1365.jpg 2048w\" sizes=\"(max-width: 2560px) 100vw, 2560px\" \/><\/figure>\n\n\n\n<figure class=\"wp-block-image size-full fc-auto\"><img decoding=\"async\" width=\"2560\" height=\"1707\" src=\"https:\/\/campingdujard.fr\/wp-content\/uploads\/2023\/08\/20240718_LeJard_v2-307-scaled.jpg\" alt=\"\" class=\"wp-image-5805\" srcset=\"https:\/\/campingdujard.fr\/wp-content\/uploads\/2023\/08\/20240718_LeJard_v2-307-scaled.jpg 2560w, https:\/\/campingdujard.fr\/wp-content\/uploads\/2023\/08\/20240718_LeJard_v2-307-300x200.jpg 300w, https:\/\/campingdujard.fr\/wp-content\/uploads\/2023\/08\/20240718_LeJard_v2-307-1024x683.jpg 1024w, https:\/\/campingdujard.fr\/wp-content\/uploads\/2023\/08\/20240718_LeJard_v2-307-768x512.jpg 768w, https:\/\/campingdujard.fr\/wp-content\/uploads\/2023\/08\/20240718_LeJard_v2-307-1536x1024.jpg 1536w, https:\/\/campingdujard.fr\/wp-content\/uploads\/2023\/08\/20240718_LeJard_v2-307-2048x1365.jpg 2048w\" sizes=\"(max-width: 2560px) 100vw, 2560px\" \/><\/figure>\n\n\n\n<figure class=\"wp-block-image size-full fc-auto\"><img decoding=\"async\" width=\"2560\" height=\"1707\" src=\"https:\/\/campingdujard.fr\/wp-content\/uploads\/2023\/08\/20240718_LeJard_v2-310-scaled.jpg\" alt=\"\" class=\"wp-image-5789\" srcset=\"https:\/\/campingdujard.fr\/wp-content\/uploads\/2023\/08\/20240718_LeJard_v2-310-scaled.jpg 2560w, https:\/\/campingdujard.fr\/wp-content\/uploads\/2023\/08\/20240718_LeJard_v2-310-300x200.jpg 300w, https:\/\/campingdujard.fr\/wp-content\/uploads\/2023\/08\/20240718_LeJard_v2-310-1024x683.jpg 1024w, https:\/\/campingdujard.fr\/wp-content\/uploads\/2023\/08\/20240718_LeJard_v2-310-768x512.jpg 768w, https:\/\/campingdujard.fr\/wp-content\/uploads\/2023\/08\/20240718_LeJard_v2-310-1536x1024.jpg 1536w, https:\/\/campingdujard.fr\/wp-content\/uploads\/2023\/08\/20240718_LeJard_v2-310-2048x1365.jpg 2048w\" sizes=\"(max-width: 2560px) 100vw, 2560px\" \/><\/figure>\n\n\n\n<figure class=\"wp-block-image size-full fc-auto\"><img decoding=\"async\" width=\"2560\" height=\"1707\" src=\"https:\/\/campingdujard.fr\/wp-content\/uploads\/2023\/08\/20240718_LeJard_v2-309-scaled.jpg\" alt=\"\" class=\"wp-image-5809\" srcset=\"https:\/\/campingdujard.fr\/wp-content\/uploads\/2023\/08\/20240718_LeJard_v2-309-scaled.jpg 2560w, https:\/\/campingdujard.fr\/wp-content\/uploads\/2023\/08\/20240718_LeJard_v2-309-300x200.jpg 300w, https:\/\/campingdujard.fr\/wp-content\/uploads\/2023\/08\/20240718_LeJard_v2-309-1024x683.jpg 1024w, https:\/\/campingdujard.fr\/wp-content\/uploads\/2023\/08\/20240718_LeJard_v2-309-768x512.jpg 768w, https:\/\/campingdujard.fr\/wp-content\/uploads\/2023\/08\/20240718_LeJard_v2-309-1536x1024.jpg 1536w, https:\/\/campingdujard.fr\/wp-content\/uploads\/2023\/08\/20240718_LeJard_v2-309-2048x1365.jpg 2048w\" sizes=\"(max-width: 2560px) 100vw, 2560px\" \/><\/figure>\n<\/figure>\n<\/div>\n<\/div>\n\n\n\n<div class=\"is-layout-flex wp-container-19 wp-block-columns J-10\">\n<div class=\"is-layout-flow wp-block-column\">\n<ul class=\"pictos big\">\n<li><span class=\"fc-icon\" style=\"width:30px; height:30px\"><svg xmlns=\"http:\/\/www.w3.org\/2000\/svg\" viewBox=\"0 0 640 512\"><!--! Font Awesome Pro 6.4.0 by @fontawesome - https:\/\/fontawesome.com License - https:\/\/fontawesome.com\/license (Commercial License) Copyright 2023 Fonticons, Inc. --><path d=\"M349.4 93.5c-9.6 .1-18.8-4.1-25-11.5c-12.9-15.5-26.5-30-40.8-43.7c-26.1 25-48 52.3-64 78.1c-18.3 29.6-27.6 57.9-27.6 75.8C192 262.5 248.2 320 320 320c71 0 128-57.6 128-127.8c0-12.8-7-38.2-20.6-64.3c-10.9-21.1-25.4-42.6-41.8-60.5c-3.8 4.4-7.7 9.1-11.6 14c-6 7.5-15.1 12-24.7 12.1zM327.5 37.1c7.4 7.9 14.5 16 21.5 24.4c6.4-8.1 13.6-16.8 21.2-24.5c1.7-1.7 3.5-3.4 5.2-5c5.6-5.1 14.4-5.1 20 0c24.7 22.7 45.6 52.7 60.4 81.1c14.5 28 24.2 58.8 24.2 79C480 280 408.7 352 320 352c-89.7 0-160-72.1-160-159.8c0-26.4 12.7-60.7 32.4-92.6c20-32.4 48.1-66.1 81.4-95.8c2.8-2.5 6.4-3.8 10-3.7c3.5 0 7 1.3 9.8 3.8c11.8 10.6 23.1 21.7 34 33.4zM285.1 96c4.8 0 9.4 2.2 12.4 6c2.1 2.6 17.6 22.4 32.6 41.5l17.5 22.3 23.3-27.2c3.2-3.7 7.8-5.7 12.7-5.6s9.4 2.5 12.3 6.4c3.9 5.2 6.4 10.3 8.3 14.1l0 0 0 .1c21.3 39.3 12.3 90.4-25 116.5l-.3 .2 0 0C361.3 282 342.3 288 321 288c-25.9 0-50.2-8.4-68.2-24.8C234.7 246.6 224 222.7 224 194c0-15.7 5-29.7 13.4-44.2c8.2-14.1 20.2-29.5 35.1-47.9c3-3.8 7.6-5.9 12.5-5.9zm94.8 81.3l-20.7 24.1c-3.1 3.6-7.7 5.7-12.5 5.6s-9.3-2.4-12.2-6.1L347 191l-12.6 9.9 0 0 0 0 0 0-.1-.2-.5-.6-1.8-2.4-6.6-8.5-20.4-26-20-25.5c-8.6 11-15.1 20.1-19.8 28.2c-6.6 11.3-9.1 19.8-9.1 28.1c0 20.3 7.3 35.4 18.4 45.6C285.7 249.9 301.9 256 321 256c14.7 0 27.6-4 40-12.2c20.1-14.2 27.8-41.8 18.9-66.5zM32 272c0-8.8 7.2-16 16-16h64c8.8 0 16 7.2 16 16s-7.2 16-16 16H64v96H576V288H528c-8.8 0-16-7.2-16-16s7.2-16 16-16h64c8.8 0 16 7.2 16 16V386.7c18.6 6.6 32 24.4 32 45.3v32c0 26.5-21.5 48-48 48H48c-26.5 0-48-21.5-48-48V432c0-20.9 13.4-38.7 32-45.3V272zm0 160v32c0 8.8 7.2 16 16 16H592c8.8 0 16-7.2 16-16V432c0-8.8-7.2-16-16-16H48c-8.8 0-16 7.2-16 16zm160-8a24 24 0 1 1 0 48 24 24 0 1 1 0-48zm104 24a24 24 0 1 1 48 0 24 24 0 1 1 -48 0zm152-24a24 24 0 1 1 0 48 24 24 0 1 1 0-48z\"\/><\/svg><\/span>  Snackbereich<\/li>\n\n\n\n<li><span class=\"fc-icon\" style=\"width:30px; height:30px\"><svg xmlns=\"http:\/\/www.w3.org\/2000\/svg\" viewBox=\"0 0 576 512\"><!--! Font Awesome Pro 6.4.0 by @fontawesome - https:\/\/fontawesome.com License - https:\/\/fontawesome.com\/license (Commercial License) Copyright 2023 Fonticons, Inc. --><path d=\"M64 9.7L273.7 234.4 251.1 257 42.9 34C38.4 49 32 77.1 32 112c0 41 12.6 72.2 36.6 104.6c21 28.3 50.1 56.9 87.3 93.2l0 0 0 0c6.6 6.4 13.4 13.1 20.5 20.1l0 0 .1 .1 .8 .8-22.6 22.6-.8-.8c-6.8-6.7-13.5-13.3-20-19.6l0 0 0 0c-37-36.2-68.3-66.8-91-97.4C15.6 198.8 0 161.1 0 112C0 69.6 8.6 36.2 13.6 20.4C17.6 7.6 29.4 0 41.7 0C50.2 0 58.2 3.5 64 9.7zM484.3 506.9L316.6 327.3l22.6-22.6L507.7 485.1c6 6.5 5.7 16.6-.8 22.6s-16.6 5.7-22.6-.8zM468.9 6.5c5.2 7.1 3.7 17.1-3.4 22.4L351.1 112.7c-3.1 2.3-6.1 4.8-8.8 7.6l-1.6 1.6C327.5 135.2 320 153.2 320 172s7.5 36.8 20.8 50.1l13.1 13.1C367.2 248.5 385.2 256 404 256s36.8-7.5 50.1-20.8l1.6-1.6c2.7-2.7 5.3-5.7 7.6-8.8l83.8-114.3c5.2-7.1 15.2-8.7 22.4-3.4s8.7 15.2 3.4 22.4L489.1 243.8c-3.3 4.4-6.9 8.6-10.7 12.5l-1.6 1.6C457.5 277.2 431.3 288 404 288c-25 0-49.1-9.1-67.8-25.5L91.3 507.3c-6.2 6.2-16.4 6.2-22.6 0s-6.2-16.4 0-22.6L313.5 239.8C297.1 221.1 288 197 288 172c0-27.3 10.8-53.5 30.1-72.8l1.6-1.6c3.9-3.9 8.1-7.5 12.5-10.7L446.5 3.1c7.1-5.2 17.1-3.7 22.4 3.4zM508 37.5c5.8 6.7 5.1 16.8-1.5 22.6l-128 112c-6.6 5.8-16.8 5.1-22.6-1.5s-5.1-16.8 1.5-22.6l128-112c6.7-5.8 16.8-5.1 22.6 1.5zM538.5 68c6.7 5.8 7.3 15.9 1.5 22.6l-112 128c-5.8 6.7-15.9 7.3-22.6 1.5s-7.3-15.9-1.5-22.6l112-128c5.8-6.7 15.9-7.3 22.6-1.5z\"\/><\/svg><\/span>  Restaurantbereich<\/li>\n\n\n\n<li><span class=\"fc-icon\" style=\"width:30px; height:30px\"><svg xmlns=\"http:\/\/www.w3.org\/2000\/svg\" viewBox=\"0 0 512 512\"><!--! Font Awesome Pro 6.4.0 by @fontawesome - https:\/\/fontawesome.com License - https:\/\/fontawesome.com\/license (Commercial License) Copyright 2023 Fonticons, Inc. --><path d=\"M371.1 13.1c-1-5.3-4.6-9.8-9.6-11.9s-10.7-1.5-15.2 1.6L256 65.1 165.7 2.8c-4.5-3.1-10.2-3.7-15.2-1.6s-8.6 6.6-9.6 11.9L121 121 13.1 140.8c-5.3 1-9.8 4.6-11.9 9.6s-1.5 10.7 1.6 15.2L65.1 256 2.8 346.3c-3.1 4.5-3.7 10.2-1.6 15.2s6.6 8.6 11.9 9.6L121 391l19.8 107.9c1 5.3 4.6 9.8 9.6 11.9s10.7 1.5 15.2-1.6L256 446.9l90.3 62.3c4.5 3.1 10.2 3.7 15.2 1.6s8.6-6.6 9.6-11.9L391 391l107.9-19.8c5.3-1 9.8-4.6 11.9-9.6s1.5-10.7-1.6-15.2L446.9 256l62.3-90.3c3.1-4.5 3.7-10.2 1.6-15.2s-6.6-8.6-11.9-9.6L391 121 371.1 13.1zM265.1 97.7l79.1-54.5 17.4 94.5c1.2 6.5 6.3 11.6 12.8 12.8l94.5 17.4-54.5 79.1c-3.8 5.5-3.8 12.7 0 18.2l54.5 79.1-94.5 17.4c-6.5 1.2-11.6 6.3-12.8 12.8l-17.4 94.5-79.1-54.5c-5.5-3.8-12.7-3.8-18.2 0l-79.1 54.5-17.4-94.5c-1.2-6.5-6.3-11.6-12.8-12.8L43.2 344.1l54.5-79.1c3.8-5.5 3.8-12.7 0-18.2L43.2 167.8l94.5-17.4c6.5-1.2 11.6-6.3 12.8-12.8l17.4-94.5 79.1 54.5c5.5 3.8 12.7 3.8 18.2 0zM256 384a128 128 0 1 0 0-256 128 128 0 1 0 0 256zM160 256a96 96 0 1 1 192 0 96 96 0 1 1 -192 0z\"\/><\/svg><\/span>  Saal unter Glas<\/li>\n\n\n\n<li><span class=\"fc-icon\" style=\"width:30px; height:30px\"><svg xmlns=\"http:\/\/www.w3.org\/2000\/svg\" viewBox=\"0 0 576 512\"><!--! Font Awesome Pro 6.4.0 by @fontawesome - https:\/\/fontawesome.com License - https:\/\/fontawesome.com\/license (Commercial License) Copyright 2023 Fonticons, Inc. --><path d=\"M64 32C46.3 32 32 46.3 32 64V192c0 17.7 14.3 32 32 32H512c17.7 0 32-14.3 32-32V64c0-17.7-14.3-32-32-32H64zM0 64C0 28.7 28.7 0 64 0H512c35.3 0 64 28.7 64 64V192c0 35.3-28.7 64-64 64H64c-35.3 0-64-28.7-64-64V64zm112 64H464c8.8 0 16 7.2 16 16s-7.2 16-16 16H112c-8.8 0-16-7.2-16-16s7.2-16 16-16zM256 288V432c0 44.2-35.8 80-80 80s-80-35.8-80-80c0-29.6 16.1-55.5 40-69.3c7.6-4.4 17.4-1.8 21.9 5.8s1.8 17.4-5.8 21.9c-14.4 8.3-24 23.8-24 41.6c0 26.5 21.5 48 48 48s48-21.5 48-48V288h32zm64 112V288h32V400c0 26.5 21.5 48 48 48s48-21.5 48-48c0-17.7-9.6-33.3-24-41.6c-7.6-4.4-10.3-14.2-5.8-21.9s14.2-10.3 21.9-5.8c23.9 13.8 40 39.7 40 69.3c0 44.2-35.8 80-80 80s-80-35.8-80-80z\"\/><\/svg><\/span>  Beheizter \/ klimatisierter Raum<\/li>\n<\/ul>\n\n\n\n<h2 class=\"h2 has-marron-color has-text-color\">Ein Essensservice<\/h2>\n\n\n\n<p>Von Mai bis September bietet unser Restaurant eine Vielzahl von kulinarischen Optionen, um alle Geschm\u00e4cker und Vorlieben zu befriedigen. F\u00fcr ein schnelles und k\u00f6stliches Erlebnis bietet unser Snackbereich eine verlockende Auswahl an Pizzen, Burgern, Salaten und Paninis, die Sie vor Ort genie\u00dfen oder mitnehmen k\u00f6nnen.<\/p>\n\n\n\n<div class=\"wp-block-fc-gut-lire-plus fc-mob\"><label class=\"has-text-align-left\"><input type=\"checkbox\">Lire plus<\/label>\n<p>Unser Restaurantbereich bietet ein zeitgem\u00e4\u00dfes und einladendes Ambiente und l\u00e4dt Sie ein, eine abwechslungsreiche Speisekarte zu entdecken, die Fleisch, Fisch und vegetarische Gerichte in den Vordergrund stellt und so ein befriedigendes gastronomisches Erlebnis f\u00fcr unsere Urlauber garantiert. Genie\u00dfen Sie Ihre Mahlzeit in unserem beheizten und klimatisierten Glasdachsaal, der das ganze Jahr \u00fcber ein kulinarisches Erlebnis bietet.<\/p>\n<\/div>\n<\/div>\n\n\n\n<div class=\"is-layout-flow wp-block-column\">\n<figure class=\"is-layout-flex wp-block-gallery-16 wp-block-gallery has-nested-images columns-1 is-cropped fc-diapo fc-full\">\n<figure class=\"wp-block-image size-full fc-auto\"><img decoding=\"async\" width=\"1080\" height=\"720\" src=\"https:\/\/campingdujard.fr\/wp-content\/uploads\/2023\/08\/batch__R5_9310.png\" alt=\"\" class=\"wp-image-1949\" srcset=\"https:\/\/campingdujard.fr\/wp-content\/uploads\/2023\/08\/batch__R5_9310.png 1080w, https:\/\/campingdujard.fr\/wp-content\/uploads\/2023\/08\/batch__R5_9310-300x200.png 300w, https:\/\/campingdujard.fr\/wp-content\/uploads\/2023\/08\/batch__R5_9310-1024x683.png 1024w, https:\/\/campingdujard.fr\/wp-content\/uploads\/2023\/08\/batch__R5_9310-768x512.png 768w\" sizes=\"(max-width: 1080px) 100vw, 1080px\" \/><\/figure>\n\n\n\n<figure class=\"wp-block-image size-full fc-auto\"><img decoding=\"async\" width=\"1080\" height=\"720\" src=\"https:\/\/campingdujard.fr\/wp-content\/uploads\/2023\/08\/batch__R5_9301.jpg\" alt=\"\" class=\"wp-image-2829\" srcset=\"https:\/\/campingdujard.fr\/wp-content\/uploads\/2023\/08\/batch__R5_9301.jpg 1080w, https:\/\/campingdujard.fr\/wp-content\/uploads\/2023\/08\/batch__R5_9301-300x200.jpg 300w, https:\/\/campingdujard.fr\/wp-content\/uploads\/2023\/08\/batch__R5_9301-1024x683.jpg 1024w, https:\/\/campingdujard.fr\/wp-content\/uploads\/2023\/08\/batch__R5_9301-768x512.jpg 768w\" sizes=\"(max-width: 1080px) 100vw, 1080px\" \/><\/figure>\n\n\n\n<figure class=\"wp-block-image size-full fc-auto\"><img decoding=\"async\" width=\"960\" height=\"840\" src=\"https:\/\/campingdujard.fr\/wp-content\/uploads\/2023\/08\/restaurant-1.jpg\" alt=\"\" class=\"wp-image-320\" srcset=\"https:\/\/campingdujard.fr\/wp-content\/uploads\/2023\/08\/restaurant-1.jpg 960w, https:\/\/campingdujard.fr\/wp-content\/uploads\/2023\/08\/restaurant-1-300x263.jpg 300w, https:\/\/campingdujard.fr\/wp-content\/uploads\/2023\/08\/restaurant-1-768x672.jpg 768w\" sizes=\"(max-width: 960px) 100vw, 960px\" \/><\/figure>\n\n\n\n<figure class=\"wp-block-image size-full fc-auto\"><img decoding=\"async\" width=\"960\" height=\"840\" src=\"https:\/\/campingdujard.fr\/wp-content\/uploads\/2023\/08\/restaurant-3.jpg\" alt=\"\" class=\"wp-image-328\" srcset=\"https:\/\/campingdujard.fr\/wp-content\/uploads\/2023\/08\/restaurant-3.jpg 960w, https:\/\/campingdujard.fr\/wp-content\/uploads\/2023\/08\/restaurant-3-300x263.jpg 300w, https:\/\/campingdujard.fr\/wp-content\/uploads\/2023\/08\/restaurant-3-768x672.jpg 768w\" sizes=\"(max-width: 960px) 100vw, 960px\" \/><\/figure>\n\n\n\n<figure class=\"wp-block-image size-full fc-auto\"><img decoding=\"async\" width=\"2560\" height=\"1708\" src=\"https:\/\/campingdujard.fr\/wp-content\/uploads\/2023\/08\/R5_9281-2-scaled.jpg\" alt=\"\" class=\"wp-image-1927\" srcset=\"https:\/\/campingdujard.fr\/wp-content\/uploads\/2023\/08\/R5_9281-2-scaled.jpg 2560w, https:\/\/campingdujard.fr\/wp-content\/uploads\/2023\/08\/R5_9281-2-300x200.jpg 300w, https:\/\/campingdujard.fr\/wp-content\/uploads\/2023\/08\/R5_9281-2-1024x683.jpg 1024w, https:\/\/campingdujard.fr\/wp-content\/uploads\/2023\/08\/R5_9281-2-768x512.jpg 768w, https:\/\/campingdujard.fr\/wp-content\/uploads\/2023\/08\/R5_9281-2-1536x1025.jpg 1536w, https:\/\/campingdujard.fr\/wp-content\/uploads\/2023\/08\/R5_9281-2-2048x1366.jpg 2048w\" sizes=\"(max-width: 2560px) 100vw, 2560px\" \/><\/figure>\n\n\n\n<figure class=\"wp-block-image size-full fc-auto\"><img decoding=\"async\" width=\"1708\" height=\"2560\" src=\"https:\/\/campingdujard.fr\/wp-content\/uploads\/2023\/08\/R5_9441-1-scaled.jpg\" alt=\"\" class=\"wp-image-1931\" srcset=\"https:\/\/campingdujard.fr\/wp-content\/uploads\/2023\/08\/R5_9441-1-scaled.jpg 1708w, https:\/\/campingdujard.fr\/wp-content\/uploads\/2023\/08\/R5_9441-1-200x300.jpg 200w, https:\/\/campingdujard.fr\/wp-content\/uploads\/2023\/08\/R5_9441-1-683x1024.jpg 683w, https:\/\/campingdujard.fr\/wp-content\/uploads\/2023\/08\/R5_9441-1-768x1151.jpg 768w, https:\/\/campingdujard.fr\/wp-content\/uploads\/2023\/08\/R5_9441-1-1025x1536.jpg 1025w, https:\/\/campingdujard.fr\/wp-content\/uploads\/2023\/08\/R5_9441-1-1366x2048.jpg 1366w\" sizes=\"(max-width: 1708px) 100vw, 1708px\" \/><\/figure>\n\n\n\n<figure class=\"wp-block-image size-full fc-auto\"><img decoding=\"async\" width=\"1708\" height=\"2560\" src=\"https:\/\/campingdujard.fr\/wp-content\/uploads\/2023\/08\/R5_9445-scaled.jpg\" alt=\"\" class=\"wp-image-1935\" srcset=\"https:\/\/campingdujard.fr\/wp-content\/uploads\/2023\/08\/R5_9445-scaled.jpg 1708w, https:\/\/campingdujard.fr\/wp-content\/uploads\/2023\/08\/R5_9445-200x300.jpg 200w, https:\/\/campingdujard.fr\/wp-content\/uploads\/2023\/08\/R5_9445-683x1024.jpg 683w, https:\/\/campingdujard.fr\/wp-content\/uploads\/2023\/08\/R5_9445-768x1151.jpg 768w, https:\/\/campingdujard.fr\/wp-content\/uploads\/2023\/08\/R5_9445-1025x1536.jpg 1025w, https:\/\/campingdujard.fr\/wp-content\/uploads\/2023\/08\/R5_9445-1366x2048.jpg 1366w\" sizes=\"(max-width: 1708px) 100vw, 1708px\" \/><\/figure>\n\n\n\n<figure class=\"wp-block-image size-full fc-auto\"><img decoding=\"async\" width=\"1708\" height=\"2560\" src=\"https:\/\/campingdujard.fr\/wp-content\/uploads\/2023\/08\/R5_9447-scaled.jpg\" alt=\"\" class=\"wp-image-1939\" srcset=\"https:\/\/campingdujard.fr\/wp-content\/uploads\/2023\/08\/R5_9447-scaled.jpg 1708w, https:\/\/campingdujard.fr\/wp-content\/uploads\/2023\/08\/R5_9447-200x300.jpg 200w, https:\/\/campingdujard.fr\/wp-content\/uploads\/2023\/08\/R5_9447-683x1024.jpg 683w, https:\/\/campingdujard.fr\/wp-content\/uploads\/2023\/08\/R5_9447-768x1151.jpg 768w, https:\/\/campingdujard.fr\/wp-content\/uploads\/2023\/08\/R5_9447-1025x1536.jpg 1025w, https:\/\/campingdujard.fr\/wp-content\/uploads\/2023\/08\/R5_9447-1366x2048.jpg 1366w\" sizes=\"(max-width: 1708px) 100vw, 1708px\" \/><\/figure>\n<\/figure>\n<\/div>\n<\/div>\n\n\n\n<div class=\"is-layout-flex wp-container-24 wp-block-columns J-15\">\n<div class=\"is-layout-flow wp-block-column\">\n<figure class=\"is-layout-flex wp-block-gallery-20 wp-block-gallery has-nested-images columns-default is-cropped fc-auto\">\n<figure class=\"wp-block-image size-full fc-auto\"><img decoding=\"async\" width=\"404\" height=\"320\" src=\"https:\/\/campingdujard.fr\/wp-content\/uploads\/2023\/08\/R5_9003-1.jpg\" alt=\"\" class=\"wp-image-316\" srcset=\"https:\/\/campingdujard.fr\/wp-content\/uploads\/2023\/08\/R5_9003-1.jpg 404w, https:\/\/campingdujard.fr\/wp-content\/uploads\/2023\/08\/R5_9003-1-300x238.jpg 300w\" sizes=\"(max-width: 404px) 100vw, 404px\" \/><\/figure>\n\n\n\n<figure class=\"wp-block-image size-full fc-auto\"><img decoding=\"async\" width=\"404\" height=\"320\" src=\"https:\/\/campingdujard.fr\/wp-content\/uploads\/2023\/08\/R5_1137-1.jpg\" alt=\"\" class=\"wp-image-308\" srcset=\"https:\/\/campingdujard.fr\/wp-content\/uploads\/2023\/08\/R5_1137-1.jpg 404w, https:\/\/campingdujard.fr\/wp-content\/uploads\/2023\/08\/R5_1137-1-300x238.jpg 300w\" sizes=\"(max-width: 404px) 100vw, 404px\" \/><\/figure>\n\n\n\n<figure class=\"wp-block-image size-full fc-auto\"><img decoding=\"async\" width=\"824\" height=\"320\" src=\"https:\/\/campingdujard.fr\/wp-content\/uploads\/2023\/08\/R5_8989-1.jpg\" alt=\"\" class=\"wp-image-312\" srcset=\"https:\/\/campingdujard.fr\/wp-content\/uploads\/2023\/08\/R5_8989-1.jpg 824w, https:\/\/campingdujard.fr\/wp-content\/uploads\/2023\/08\/R5_8989-1-300x117.jpg 300w, https:\/\/campingdujard.fr\/wp-content\/uploads\/2023\/08\/R5_8989-1-768x298.jpg 768w\" sizes=\"(max-width: 824px) 100vw, 824px\" \/><\/figure>\n<\/figure>\n<\/div>\n\n\n\n<div class=\"is-layout-flow wp-block-column is-vertically-aligned-center\">\n<h2 class=\"h2\">Supermarkt mit Metzgerei, Obst und Gem\u00fcse.<\/h2>\n\n\n\n<p>Unsere B\u00e4ckerei \u00f6ffnet ihre T\u00fcren jeden Tag ab 7:30 Uhr morgens in der Hochsaison und ab 8 Uhr morgens in der Nebensaison. Sie bietet eine vielf\u00e4ltige Auswahl an frischem Brot und Geb\u00e4ck, das vor Ort gebacken wird, um Ihr Fr\u00fchst\u00fcck zu versch\u00f6nern.<\/p>\n\n\n\n<div class=\"wp-block-fc-gut-lire-plus fc-mob\"><label class=\"has-text-align-left\"><input type=\"checkbox\">Lire plus<\/label>\n<p>In unserem Minimarkt k\u00f6nnen Sie alles entdecken, was Sie brauchen, von frischen Produkten wie Obst und Gem\u00fcse bis hin zu lokalen K\u00f6stlichkeiten wie Wein. Nutzen Sie auch den Souvenirbereich, in dem Sie aus Postkarten, T-Shirts, Pl\u00fcschtieren und anderen Artikeln mit dem Logo des Jard w\u00e4hlen k\u00f6nnen. Um Ihren Aufenthalt noch angenehmer zu gestalten, bieten wir Ihnen eine gro\u00dfe Auswahl an Spielen f\u00fcr drinnen und am Strand an, mit denen Sie sich vergn\u00fcgen k\u00f6nnen. Schlie\u00dflich finden auch Leseliebhaber in unserem Presse- und Buchladenbereich ihr Gl\u00fcck.<\/p>\n<\/div>\n<\/div>\n<\/div>\n\n\n\n<div class=\"is-layout-flex wp-container-29 wp-block-columns J-05 reverse-mob\">\n<div class=\"is-layout-flow wp-block-column\">\n<figure class=\"is-layout-flex wp-block-gallery-25 wp-block-gallery has-nested-images columns-default is-cropped fc-auto\">\n<figure class=\"wp-block-image size-large fc-auto\"><img decoding=\"async\" width=\"768\" height=\"1024\" src=\"https:\/\/campingdujard.fr\/wp-content\/uploads\/2025\/05\/20240509_194747-768x1024.jpg\" alt=\"\" class=\"wp-image-7061\" srcset=\"https:\/\/campingdujard.fr\/wp-content\/uploads\/2025\/05\/20240509_194747-768x1024.jpg 768w, https:\/\/campingdujard.fr\/wp-content\/uploads\/2025\/05\/20240509_194747-225x300.jpg 225w, https:\/\/campingdujard.fr\/wp-content\/uploads\/2025\/05\/20240509_194747-1152x1536.jpg 1152w, https:\/\/campingdujard.fr\/wp-content\/uploads\/2025\/05\/20240509_194747-1536x2048.jpg 1536w, https:\/\/campingdujard.fr\/wp-content\/uploads\/2025\/05\/20240509_194747-scaled.jpg 1920w\" sizes=\"(max-width: 768px) 100vw, 768px\" \/><\/figure>\n\n\n\n<figure class=\"wp-block-image size-large fc-auto\"><img decoding=\"async\" width=\"674\" height=\"1024\" src=\"https:\/\/campingdujard.fr\/wp-content\/uploads\/2025\/05\/DSF8112-674x1024.jpg\" alt=\"\" class=\"wp-image-7065\" srcset=\"https:\/\/campingdujard.fr\/wp-content\/uploads\/2025\/05\/DSF8112-674x1024.jpg 674w, https:\/\/campingdujard.fr\/wp-content\/uploads\/2025\/05\/DSF8112-197x300.jpg 197w, https:\/\/campingdujard.fr\/wp-content\/uploads\/2025\/05\/DSF8112-768x1167.jpg 768w, https:\/\/campingdujard.fr\/wp-content\/uploads\/2025\/05\/DSF8112-1011x1536.jpg 1011w, https:\/\/campingdujard.fr\/wp-content\/uploads\/2025\/05\/DSF8112-1348x2048.jpg 1348w, https:\/\/campingdujard.fr\/wp-content\/uploads\/2025\/05\/DSF8112-scaled.jpg 1685w\" sizes=\"(max-width: 674px) 100vw, 674px\" \/><\/figure>\n\n\n\n<figure class=\"wp-block-image size-large fc-auto\"><img decoding=\"async\" width=\"1024\" height=\"683\" src=\"https:\/\/campingdujard.fr\/wp-content\/uploads\/2025\/07\/20250618_LeJard_Lifestyle-081-1024x683.jpg\" alt=\"\" class=\"wp-image-7291\" srcset=\"https:\/\/campingdujard.fr\/wp-content\/uploads\/2025\/07\/20250618_LeJard_Lifestyle-081-1024x683.jpg 1024w, https:\/\/campingdujard.fr\/wp-content\/uploads\/2025\/07\/20250618_LeJard_Lifestyle-081-300x200.jpg 300w, https:\/\/campingdujard.fr\/wp-content\/uploads\/2025\/07\/20250618_LeJard_Lifestyle-081-768x512.jpg 768w, https:\/\/campingdujard.fr\/wp-content\/uploads\/2025\/07\/20250618_LeJard_Lifestyle-081-1536x1024.jpg 1536w, https:\/\/campingdujard.fr\/wp-content\/uploads\/2025\/07\/20250618_LeJard_Lifestyle-081-2048x1365.jpg 2048w\" sizes=\"(max-width: 1024px) 100vw, 1024px\" \/><\/figure>\n<\/figure>\n<\/div>\n\n\n\n<div class=\"is-layout-flow wp-block-column is-vertically-aligned-center has-beige-background-color has-background\">\n<h2 class=\"h2\">Verleihbereich<\/h2>\n\n\n\n<p>Um Ihren Aufenthalt noch angenehmer zu gestalten, bietet unser Verleihbereich eine gro\u00dfe Auswahl an Spielen und Ausr\u00fcstungen. Ob Sie gesellige Familienmomente sch\u00e4tzen oder sportlich aktiv sein m\u00f6chten \u2013 bei uns finden Sie alles f\u00fcr Unterhaltung den ganzen Tag \u00fcber.<\/p>\n\n\n\n<p>Gesellschaftsspiele f\u00fcr unterhaltsame Abende und Outdoorspiele wie Finnisches Kegeln f\u00fcr sonnige Nachmittage \u2013 f\u00fcr jeden ist etwas dabei.<\/p>\n\n\n\n<p>F\u00fcr Sportbegeisterte bieten wir auch die Vermietung von Minigolf-Ausr\u00fcstung, Badmintonschl\u00e4gern sowie Schl\u00e4gern und B\u00e4llen f\u00fcr unser brandneues Padel-Feld an. Zus\u00e4tzlich stehen diverse Zubeh\u00f6rteile zur Verf\u00fcgung, um unsere Anlagen optimal zu nutzen.<\/p>\n\n\n\n<p>Und f\u00fcr Wassersportfans gibt es eine Auswahl an Ausr\u00fcstung: SUP-Boards, Surfbretter, Bodyboards und Skimboards.<\/p>\n<\/div>\n<\/div>\n\n\n\n<div class=\"is-layout-flex wp-container-34 wp-block-columns J-05 reverse-mob\">\n<div class=\"is-layout-flow wp-block-column is-vertically-aligned-center has-beige-background-color has-background\">\n<h2 class=\"h2\">Fitnessraum<\/h2>\n\n\n\n<p>Der Fitnessraum wird w\u00e4hrend der gesamten Saison ge\u00f6ffnet sein! Kommen Sie und genie\u00dfen Sie unsere brandneuen Einrichtungen, die zu Ihrer Fitness beitragen werden. Trainieren Sie Ihr Herz-Kreislauf-System, lernen Sie Pilates kennen oder nehmen Sie an einem Kurs f\u00fcr Muskelaufbau teil. So wird es w\u00e4hrend Ihres Aufenthalts m\u00f6glich sein, Sie in Topform zu halten. Lassen Sie sich von einer Erfahrung tragen, die Ihre Batterien wieder aufl\u00e4dt!<\/p>\n<\/div>\n\n\n\n<div class=\"is-layout-flow wp-block-column\">\n<figure class=\"is-layout-flex wp-block-gallery-31 wp-block-gallery has-nested-images columns-default is-cropped fc-diapo fc-auto\">\n<figure class=\"wp-block-image size-full fc-auto\"><img decoding=\"async\" width=\"1080\" height=\"720\" src=\"https:\/\/campingdujard.fr\/wp-content\/uploads\/2023\/08\/batch__R5_9087.jpg\" alt=\"\" class=\"wp-image-2768\" srcset=\"https:\/\/campingdujard.fr\/wp-content\/uploads\/2023\/08\/batch__R5_9087.jpg 1080w, https:\/\/campingdujard.fr\/wp-content\/uploads\/2023\/08\/batch__R5_9087-300x200.jpg 300w, https:\/\/campingdujard.fr\/wp-content\/uploads\/2023\/08\/batch__R5_9087-1024x683.jpg 1024w, https:\/\/campingdujard.fr\/wp-content\/uploads\/2023\/08\/batch__R5_9087-768x512.jpg 768w\" sizes=\"(max-width: 1080px) 100vw, 1080px\" \/><\/figure>\n\n\n\n<figure class=\"wp-block-image size-full fc-auto\"><img decoding=\"async\" width=\"1080\" height=\"1619\" src=\"https:\/\/campingdujard.fr\/wp-content\/uploads\/2023\/08\/batch__R5_9128.jpg\" alt=\"\" class=\"wp-image-2772\" srcset=\"https:\/\/campingdujard.fr\/wp-content\/uploads\/2023\/08\/batch__R5_9128.jpg 1080w, https:\/\/campingdujard.fr\/wp-content\/uploads\/2023\/08\/batch__R5_9128-200x300.jpg 200w, https:\/\/campingdujard.fr\/wp-content\/uploads\/2023\/08\/batch__R5_9128-683x1024.jpg 683w, https:\/\/campingdujard.fr\/wp-content\/uploads\/2023\/08\/batch__R5_9128-768x1151.jpg 768w, https:\/\/campingdujard.fr\/wp-content\/uploads\/2023\/08\/batch__R5_9128-1025x1536.jpg 1025w\" sizes=\"(max-width: 1080px) 100vw, 1080px\" \/><\/figure>\n\n\n\n<figure class=\"wp-block-image size-full fc-auto\"><img decoding=\"async\" width=\"1080\" height=\"720\" src=\"https:\/\/campingdujard.fr\/wp-content\/uploads\/2023\/08\/batch_DSCF5463.jpg\" alt=\"\" class=\"wp-image-2776\" srcset=\"https:\/\/campingdujard.fr\/wp-content\/uploads\/2023\/08\/batch_DSCF5463.jpg 1080w, https:\/\/campingdujard.fr\/wp-content\/uploads\/2023\/08\/batch_DSCF5463-300x200.jpg 300w, https:\/\/campingdujard.fr\/wp-content\/uploads\/2023\/08\/batch_DSCF5463-1024x683.jpg 1024w, https:\/\/campingdujard.fr\/wp-content\/uploads\/2023\/08\/batch_DSCF5463-768x512.jpg 768w\" sizes=\"(max-width: 1080px) 100vw, 1080px\" \/><\/figure>\n\n\n\n<figure class=\"wp-block-image size-full fc-auto\"><img decoding=\"async\" width=\"1080\" height=\"720\" src=\"https:\/\/campingdujard.fr\/wp-content\/uploads\/2023\/08\/batch_DSCF5468.jpg\" alt=\"\" class=\"wp-image-2780\" srcset=\"https:\/\/campingdujard.fr\/wp-content\/uploads\/2023\/08\/batch_DSCF5468.jpg 1080w, https:\/\/campingdujard.fr\/wp-content\/uploads\/2023\/08\/batch_DSCF5468-300x200.jpg 300w, https:\/\/campingdujard.fr\/wp-content\/uploads\/2023\/08\/batch_DSCF5468-1024x683.jpg 1024w, https:\/\/campingdujard.fr\/wp-content\/uploads\/2023\/08\/batch_DSCF5468-768x512.jpg 768w\" sizes=\"(max-width: 1080px) 100vw, 1080px\" \/><\/figure>\n\n\n\n<figure class=\"wp-block-image size-full fc-auto\"><img decoding=\"async\" width=\"1080\" height=\"1620\" src=\"https:\/\/campingdujard.fr\/wp-content\/uploads\/2023\/08\/batch_DSCF5469.jpg\" alt=\"\" class=\"wp-image-2784\" srcset=\"https:\/\/campingdujard.fr\/wp-content\/uploads\/2023\/08\/batch_DSCF5469.jpg 1080w, https:\/\/campingdujard.fr\/wp-content\/uploads\/2023\/08\/batch_DSCF5469-200x300.jpg 200w, https:\/\/campingdujard.fr\/wp-content\/uploads\/2023\/08\/batch_DSCF5469-683x1024.jpg 683w, https:\/\/campingdujard.fr\/wp-content\/uploads\/2023\/08\/batch_DSCF5469-768x1152.jpg 768w, https:\/\/campingdujard.fr\/wp-content\/uploads\/2023\/08\/batch_DSCF5469-1024x1536.jpg 1024w\" sizes=\"(max-width: 1080px) 100vw, 1080px\" \/><\/figure>\n<\/figure>\n<\/div>\n<\/div>\n\n\n\n<div class=\"is-layout-flex wp-container-48 wp-block-columns J-05\">\n<div class=\"is-layout-flow wp-block-column\">\n<figure class=\"is-layout-flex wp-block-gallery-35 wp-block-gallery has-nested-images columns-default is-cropped fc-diapo fc-auto\">\n<figure class=\"wp-block-image size-large fc-auto\"><img decoding=\"async\" width=\"1024\" height=\"683\" src=\"https:\/\/campingdujard.fr\/wp-content\/uploads\/2025\/05\/Camping_Le_Jard_et_Le_Grand_Pre_juin_2024-00033-1024x683.jpg\" alt=\"\" class=\"wp-image-7077\" srcset=\"https:\/\/campingdujard.fr\/wp-content\/uploads\/2025\/05\/Camping_Le_Jard_et_Le_Grand_Pre_juin_2024-00033-1024x683.jpg 1024w, https:\/\/campingdujard.fr\/wp-content\/uploads\/2025\/05\/Camping_Le_Jard_et_Le_Grand_Pre_juin_2024-00033-300x200.jpg 300w, https:\/\/campingdujard.fr\/wp-content\/uploads\/2025\/05\/Camping_Le_Jard_et_Le_Grand_Pre_juin_2024-00033-768x512.jpg 768w, https:\/\/campingdujard.fr\/wp-content\/uploads\/2025\/05\/Camping_Le_Jard_et_Le_Grand_Pre_juin_2024-00033-1536x1024.jpg 1536w, https:\/\/campingdujard.fr\/wp-content\/uploads\/2025\/05\/Camping_Le_Jard_et_Le_Grand_Pre_juin_2024-00033.jpg 2048w\" sizes=\"(max-width: 1024px) 100vw, 1024px\" \/><\/figure>\n\n\n\n<figure class=\"wp-block-image size-large fc-auto\"><img decoding=\"async\" width=\"1024\" height=\"396\" src=\"https:\/\/campingdujard.fr\/wp-content\/uploads\/2023\/08\/camping-camping-du-jard_Plan-1024x396.jpg\" alt=\"\" class=\"wp-image-7125\" srcset=\"https:\/\/campingdujard.fr\/wp-content\/uploads\/2023\/08\/camping-camping-du-jard_Plan-1024x396.jpg 1024w, https:\/\/campingdujard.fr\/wp-content\/uploads\/2023\/08\/camping-camping-du-jard_Plan-300x116.jpg 300w, https:\/\/campingdujard.fr\/wp-content\/uploads\/2023\/08\/camping-camping-du-jard_Plan-768x297.jpg 768w, https:\/\/campingdujard.fr\/wp-content\/uploads\/2023\/08\/camping-camping-du-jard_Plan-1536x594.jpg 1536w, https:\/\/campingdujard.fr\/wp-content\/uploads\/2023\/08\/camping-camping-du-jard_Plan.jpg 1666w\" sizes=\"(max-width: 1024px) 100vw, 1024px\" \/><\/figure>\n\n\n\n<figure class=\"wp-block-image size-large fc-auto\"><img decoding=\"async\" width=\"1024\" height=\"683\" src=\"https:\/\/campingdujard.fr\/wp-content\/uploads\/2025\/07\/20250618_LeJard_Lifestyle-070-1024x683.jpg\" alt=\"\" class=\"wp-image-7292\" srcset=\"https:\/\/campingdujard.fr\/wp-content\/uploads\/2025\/07\/20250618_LeJard_Lifestyle-070-1024x683.jpg 1024w, https:\/\/campingdujard.fr\/wp-content\/uploads\/2025\/07\/20250618_LeJard_Lifestyle-070-300x200.jpg 300w, https:\/\/campingdujard.fr\/wp-content\/uploads\/2025\/07\/20250618_LeJard_Lifestyle-070-768x512.jpg 768w, https:\/\/campingdujard.fr\/wp-content\/uploads\/2025\/07\/20250618_LeJard_Lifestyle-070-1536x1024.jpg 1536w, https:\/\/campingdujard.fr\/wp-content\/uploads\/2025\/07\/20250618_LeJard_Lifestyle-070-2048x1365.jpg 2048w\" sizes=\"(max-width: 1024px) 100vw, 1024px\" \/><\/figure>\n<\/figure>\n<\/div>\n\n\n\n<div class=\"is-layout-flow wp-block-column\">\n<h2 class=\"h2\">Accueil V\u00e9lo: Ein Verleihservice, der Ihnen den Alltag erleichtert<\/h2>\n\n\n\n<p>700 km Radwege sind zwischen der K\u00fcste, dem Marais Poitevin und der Bocage geplant. Die V\u00e9lodyss\u00e9e ist weniger als 1 km vom Campingplatz entfernt.<\/p>\n\n\n\n<p>In der gesamten Stadt La Tranche Sur Mer gibt es Fahrradwege, sodass Sie vom Campingplatz aus losfahren und sich entspannt fortbewegen k\u00f6nnen.<\/p>\n\n\n\n<p>Der Strand ist auch mit dem Fahrrad in 5 Minuten erreichbar.<\/p>\n\n\n\n<p class=\"has-text-align-center has-beige-background-color has-background\"><strong>Vermietungen sind f\u00fcr einen halben Tag, einen Tag oder eine Woche m\u00f6glich.<\/strong><\/p>\n\n\n\n<div class=\"is-layout-flex wp-container-40 wp-block-columns encart-liste\">\n<div class=\"is-layout-flow wp-block-column\">\n<p><strong>Fahrrad f\u00fcr Erwachsene<\/strong><\/p>\n\n\n\n<ul>\n<li>10\u20ac den halben Tag<\/li>\n\n\n\n<li>14\u20ac pro Tag<\/li>\n\n\n\n<li>45\u20ac pro Woche<\/li>\n\n\n\n<li>75\u20ac f\u00fcr 10 Tage<\/li>\n<\/ul>\n<\/div>\n\n\n\n<div class=\"is-layout-flow wp-block-column\">\n<p><strong>Kinderfahrrad <\/strong><em>(16\u2033, 20\u2033,<\/em> <em>24\u2033 <\/em>)<\/p>\n\n\n\n<ul>\n<li>8\u20ac den halben Tag<\/li>\n\n\n\n<li>10\u20ac pro Tag<\/li>\n\n\n\n<li>40\u20ac pro Woche<\/li>\n\n\n\n<li>60\u20ac f\u00fcr 10 Tage<\/li>\n<\/ul>\n<\/div>\n<\/div>\n\n\n\n<div class=\"is-layout-flex wp-container-43 wp-block-columns encart-liste\">\n<div class=\"is-layout-flow wp-block-column\">\n<p><strong>Elektrofahrrad \/ Cruiser<\/strong><\/p>\n\n\n\n<ul>\n<li>20\u20ac den halben Tag<\/li>\n\n\n\n<li>28\u20ac pro Tag<\/li>\n\n\n\n<li>96\u20ac pro Woche<\/li>\n\n\n\n<li>160\u20ac f\u00fcr 10 Tage<\/li>\n<\/ul>\n<\/div>\n\n\n\n<div class=\"is-layout-flow wp-block-column\">\n<p><strong>Electrisches Cruiser<\/strong><\/p>\n\n\n\n<ul>\n<li>25\u20ac den halben Tag<\/li>\n\n\n\n<li>33\u20ac pro Tag<\/li>\n\n\n\n<li>105\u20ac pro Woche<\/li>\n\n\n\n<li>170\u20ac f\u00fcr 10 Tage<\/li>\n<\/ul>\n<\/div>\n<\/div>\n\n\n\n<div class=\"is-layout-flex wp-container-46 wp-block-columns encart-liste\">\n<div class=\"is-layout-flow wp-block-column\">\n<p><strong>Babytrage<\/strong><\/p>\n\n\n\n<ul>\n<li>12\u20ac den halben Tag<\/li>\n\n\n\n<li>17\u20ac pro Tag<\/li>\n\n\n\n<li>55\u20ac pro Woche<\/li>\n\n\n\n<li>85\u20ac f\u00fcr 10 Tage<\/li>\n<\/ul>\n<\/div>\n\n\n\n<div class=\"is-layout-flow wp-block-column\">\n<p><strong>Warenkorb<\/strong><\/p>\n\n\n\n<ul>\n<li><strong>Verleih von Helmen und Fahrradschl\u00f6ssern bei jedem Verleih.<\/strong><\/li>\n<\/ul>\n<\/div>\n<\/div>\n<\/div>\n<\/div>\n\n\n\n<div class=\"is-layout-flex wp-container-53 wp-block-columns J-15\">\n<div class=\"is-layout-flow wp-block-column\">\n<figure class=\"is-layout-flex wp-block-gallery-49 wp-block-gallery has-nested-images columns-default is-cropped fc-auto\">\n<figure class=\"wp-block-image size-large fc-auto\"><img decoding=\"async\" width=\"1024\" height=\"683\" src=\"https:\/\/campingdujard.fr\/wp-content\/uploads\/2025\/07\/20250618_LeJard_immo-028-1024x683.jpg\" alt=\"\" class=\"wp-image-7265\" srcset=\"https:\/\/campingdujard.fr\/wp-content\/uploads\/2025\/07\/20250618_LeJard_immo-028-1024x683.jpg 1024w, https:\/\/campingdujard.fr\/wp-content\/uploads\/2025\/07\/20250618_LeJard_immo-028-300x200.jpg 300w, https:\/\/campingdujard.fr\/wp-content\/uploads\/2025\/07\/20250618_LeJard_immo-028-768x512.jpg 768w, https:\/\/campingdujard.fr\/wp-content\/uploads\/2025\/07\/20250618_LeJard_immo-028-1536x1024.jpg 1536w, https:\/\/campingdujard.fr\/wp-content\/uploads\/2025\/07\/20250618_LeJard_immo-028-2048x1365.jpg 2048w\" sizes=\"(max-width: 1024px) 100vw, 1024px\" \/><\/figure>\n\n\n\n<figure class=\"wp-block-image size-large fc-auto\"><img decoding=\"async\" width=\"1024\" height=\"683\" src=\"https:\/\/campingdujard.fr\/wp-content\/uploads\/2025\/07\/20250618_LeJard_immo-032-1024x683.jpg\" alt=\"\" class=\"wp-image-7257\" srcset=\"https:\/\/campingdujard.fr\/wp-content\/uploads\/2025\/07\/20250618_LeJard_immo-032-1024x683.jpg 1024w, https:\/\/campingdujard.fr\/wp-content\/uploads\/2025\/07\/20250618_LeJard_immo-032-300x200.jpg 300w, https:\/\/campingdujard.fr\/wp-content\/uploads\/2025\/07\/20250618_LeJard_immo-032-768x512.jpg 768w, https:\/\/campingdujard.fr\/wp-content\/uploads\/2025\/07\/20250618_LeJard_immo-032-1536x1024.jpg 1536w, https:\/\/campingdujard.fr\/wp-content\/uploads\/2025\/07\/20250618_LeJard_immo-032-2048x1365.jpg 2048w\" sizes=\"(max-width: 1024px) 100vw, 1024px\" \/><\/figure>\n\n\n\n<figure class=\"wp-block-image size-large fc-auto\"><img decoding=\"async\" width=\"1024\" height=\"683\" src=\"https:\/\/campingdujard.fr\/wp-content\/uploads\/2025\/07\/20250618_LeJard_immo-021-1024x683.jpg\" alt=\"\" class=\"wp-image-7261\" srcset=\"https:\/\/campingdujard.fr\/wp-content\/uploads\/2025\/07\/20250618_LeJard_immo-021-1024x683.jpg 1024w, https:\/\/campingdujard.fr\/wp-content\/uploads\/2025\/07\/20250618_LeJard_immo-021-300x200.jpg 300w, https:\/\/campingdujard.fr\/wp-content\/uploads\/2025\/07\/20250618_LeJard_immo-021-768x512.jpg 768w, https:\/\/campingdujard.fr\/wp-content\/uploads\/2025\/07\/20250618_LeJard_immo-021-1536x1024.jpg 1536w, https:\/\/campingdujard.fr\/wp-content\/uploads\/2025\/07\/20250618_LeJard_immo-021-2048x1365.jpg 2048w\" sizes=\"(max-width: 1024px) 100vw, 1024px\" \/><\/figure>\n<\/figure>\n<\/div>\n\n\n\n<div class=\"is-layout-flow wp-block-column\" style=\"flex-basis:40%\">\n<h2 class=\"h2\">Verschiedene Vermietungen<\/h2>\n\n\n\n<ul class=\"pictos legende\">\n<li><span class=\"fc-icon\" style=\"width:30px; height:30px\"><svg xmlns=\"http:\/\/www.w3.org\/2000\/svg\" viewBox=\"0 0 448 512\"><!--! Font Awesome Pro 6.4.0 by @fontawesome - https:\/\/fontawesome.com License - https:\/\/fontawesome.com\/license (Commercial License) Copyright 2023 Fonticons, Inc. --><path d=\"M224 128a48 48 0 1 0 0-96 48 48 0 1 0 0 96zM224 0a80 80 0 1 1 0 160A80 80 0 1 1 224 0zM46.1 146.8c20.5-23.1 55.9-25.2 79.1-4.7l24.2 21.5C169.9 181.9 196.5 192 224 192s54.1-10.1 74.6-28.4l24.2-21.5c23.1-20.5 58.5-18.5 79.1 4.7s18.5 58.5-4.7 79.1L373 247.3c-16.1 14.3-33.9 26-53 35.1v32.3l49.9 56.1c16.9 19 18.9 47.1 4.7 68.3l-32 48c-17.2 25.7-51.9 32.7-77.7 15.5s-32.7-51.9-15.5-77.7l8-12L238.9 392H209.1l-18.6 20.9 8 12c17.2 25.7 10.2 60.5-15.5 77.7s-60.5 10.2-77.7-15.5l-32-48c-14.1-21.2-12.2-49.2 4.7-68.3L128 314.7V288.1c0 0 0 0 0-.1s0 0 0-.1v-5.5c-19.1-9-37-20.8-53-35.1L50.8 225.9c-23.1-20.5-25.2-55.9-4.7-79.1zM160 304v16.8c0 .2 0 .4 0 .6l38.9 38.9c1-.2 2-.3 3-.3H246c1 0 2 .1 3 .3L288 321.4c0-.2 0-.4 0-.6V304H160zm128-32c0-6.5 3.9-12.3 9.9-14.7c19.6-8.1 37.8-19.5 53.9-33.8l24.2-21.5c9.9-8.8 10.8-24 2-33.9s-24-10.8-33.9-2l-24.2 21.5C293.5 211 259.3 224 224 224s-69.5-13-95.9-36.5l-24.2-21.5c-9.9-8.8-25.1-7.9-33.9 2s-7.9 25.1 2 33.9l24.2 21.5c16.1 14.3 34.4 25.7 53.9 33.8c6 2.5 9.8 8.3 9.9 14.7H288zm18.7 75.9l-34 34 16.8 19c4.8 5.4 5.4 13.4 1.4 19.5L276 442.7c-7.4 11-4.4 25.9 6.7 33.3s25.9 4.4 33.3-6.7l32-48c6.1-9.1 5.2-21.1-2-29.3l-39.2-44.1zm-131.4 34l-34-34-39.2 44.1c-7.2 8.2-8.1 20.2-2 29.3l32 48c7.4 11 22.3 14 33.3 6.7s14-22.3 6.7-33.3l-14.9-22.3c-4-6.1-3.5-14.1 1.4-19.5l16.8-19z\"\/><\/svg><\/span>  Babyset (Kinderbett mit Matratze, Badewanne und Hochstuhl): 6\u20ac\/Nacht<\/li>\n\n\n\n<li><span class=\"fc-icon\" style=\"width:30px; height:30px\"><svg xmlns=\"http:\/\/www.w3.org\/2000\/svg\" viewBox=\"0 0 640 512\"><!--! Font Awesome Pro 6.4.0 by @fontawesome - https:\/\/fontawesome.com License - https:\/\/fontawesome.com\/license (Commercial License) Copyright 2023 Fonticons, Inc. --><path d=\"M32 48c0-8.8-7.2-16-16-16S0 39.2 0 48V336v64 64c0 8.8 7.2 16 16 16s16-7.2 16-16V416H608v48c0 8.8 7.2 16 16 16s16-7.2 16-16V400 336 240c0-61.9-50.1-112-112-112H304c-26.5 0-48 21.5-48 48V320H32V48zM608 384H32V352H272 608v32zm0-144v80H288V176c0-8.8 7.2-16 16-16H528c44.2 0 80 35.8 80 80zM96 208a48 48 0 1 1 96 0 48 48 0 1 1 -96 0zm128 0A80 80 0 1 0 64 208a80 80 0 1 0 160 0z\"\/><\/svg><\/span>  Bettlaken-Set (Doppel- oder Einzellaken): 18\u20ac\/Bett<\/li>\n\n\n\n<li><span class=\"fc-icon\" style=\"width:30px; height:30px\"><svg xmlns=\"http:\/\/www.w3.org\/2000\/svg\" viewBox=\"0 0 448 512\"><!--! Font Awesome Pro 6.4.0 by @fontawesome - https:\/\/fontawesome.com License - https:\/\/fontawesome.com\/license (Commercial License) Copyright 2023 Fonticons, Inc. --><path d=\"M32 128V312.4C49 297.2 71.4 288 96 288H392c8.6 0 16.7 1.9 24 5.4V128c0-35.3-28.7-64-64-64H96c-35.3 0-64 28.7-64 64zM0 384V128C0 75 43 32 96 32H352c53 0 96 43 96 96V344c0 30.9-25.1 56-56 56H96c-8.8 0-16-7.2-16-16s7.2-16 16-16H392c13.3 0 24-10.7 24-24s-10.7-24-24-24H96c-35.3 0-64 28.7-64 64s28.7 64 64 64H432c8.8 0 16 7.2 16 16s-7.2 16-16 16H96c-53 0-96-43-96-96z\"\/><\/svg><\/span>  Badeset (1 Badetuch + 1 Handtuch pro Person + 1 Badematte f\u00fcr die Unterkunft): 12\u20ac \/ Set<\/li>\n\n\n\n<li><span class=\"fc-icon\" style=\"width:30px; height:30px\"><svg xmlns=\"http:\/\/www.w3.org\/2000\/svg\" viewBox=\"0 0 448 512\"><!--! Font Awesome Pro 6.4.0 by @fontawesome - https:\/\/fontawesome.com License - https:\/\/fontawesome.com\/license (Commercial License) Copyright 2023 Fonticons, Inc. --><path d=\"M112 0c-8.8 0-16 7.2-16 16v4c0 17.6 8.3 34.2 22.4 44.8l32 24c6 4.5 9.6 11.6 9.6 19.2v4c0 8.8 7.2 16 16 16s16-7.2 16-16v-4c0-17.6-8.3-34.2-22.4-44.8l-32-24c-6-4.5-9.6-11.6-9.6-19.2V16c0-8.8-7.2-16-16-16zM256 352H192c-88.4 0-160-71.6-160-160H416c0 88.4-71.6 160-160 160zM32 160c-17.7 0-32 14.3-32 32c0 80.5 49.5 149.4 119.7 177.9l-7.4 16.2c-5.2-1.4-10.7-2.1-16.4-2.1c-35.3 0-64 28.7-64 64s28.7 64 64 64c29.8 0 54.9-20.4 62-48H335.9l17.6 38.6c3.7 8 13.1 11.6 21.2 7.9s11.6-13.1 7.9-21.2L328.3 369.9C398.5 341.4 448 272.5 448 192c0-17.7-14.3-32-32-32H32zM140.4 401.9l10.2-22.4c13.4 2.9 27.2 4.5 41.5 4.5h64c14.2 0 28.1-1.5 41.5-4.5L321.3 432H158c-3-11.7-9.2-22-17.6-30.1zM64 448a32 32 0 1 1 64 0 32 32 0 1 1 -64 0zM224 16c0-8.8-7.2-16-16-16s-16 7.2-16 16v4c0 17.6 8.3 34.2 22.4 44.8l32 24c6 4.5 9.6 11.6 9.6 19.2v4c0 8.8 7.2 16 16 16s16-7.2 16-16v-4c0-17.6-8.3-34.2-22.4-44.8l-32-24c-6-4.5-9.6-11.6-9.6-19.2V16z\"\/><\/svg><\/span>  Kohlegrill: 5\u20ac pro Tag \/ 20\u20ac pro Woche<\/li>\n\n\n\n<li><span class=\"fc-icon\" style=\"width:30px; height:30px\"><svg xmlns=\"http:\/\/www.w3.org\/2000\/svg\" viewBox=\"0 0 384 512\"><!--! Font Awesome Pro 6.4.2 by @fontawesome - https:\/\/fontawesome.com License - https:\/\/fontawesome.com\/license (Commercial License) Copyright 2023 Fonticons, Inc. --><path d=\"M288 32c35.3 0 64 28.7 64 64v64H288V112c0-8.8-7.2-16-16-16s-16 7.2-16 16v48H32V96c0-35.3 28.7-64 64-64H288zM256 192V368c0 8.8 7.2 16 16 16s16-7.2 16-16V192h64V448c0 17.7-14.3 32-32 32H64c-17.7 0-32-14.3-32-32V192H256zM96 0C43 0 0 43 0 96V448c0 35.3 28.7 64 64 64H320c35.3 0 64-28.7 64-64V96c0-53-43-96-96-96H96z\"\/><\/svg><\/span>  Frigo table top: 6\u20ac \/ Nacht<\/li>\n\n\n\n<li><span class=\"fc-icon\" style=\"width:30px; height:30px\"><svg xmlns=\"http:\/\/www.w3.org\/2000\/svg\" viewBox=\"0 0 640 512\"><!--! Font Awesome Pro 6.4.0 by @fontawesome - https:\/\/fontawesome.com License - https:\/\/fontawesome.com\/license (Commercial License) Copyright 2023 Fonticons, Inc. --><path d=\"M27.3 184.4C102.4 110 205.8 64 320 64s217.6 46 292.7 120.4c6.3 6.2 16.4 6.2 22.6-.1s6.2-16.4-.1-22.6C554.3 81.5 442.9 32 320 32S85.7 81.5 4.7 161.7c-6.3 6.2-6.3 16.3-.1 22.6s16.3 6.3 22.6 .1zM320 224c70.5 0 134.4 28.5 180.7 74.7c6.3 6.2 16.4 6.2 22.6 0s6.2-16.4 0-22.6c-52.1-51.9-123.9-84-203.3-84s-151.2 32.1-203.3 84c-6.3 6.2-6.3 16.4 0 22.6s16.4 6.3 22.6 0C185.6 252.5 249.5 224 320 224zm0 160a32 32 0 1 1 0 64 32 32 0 1 1 0-64zm0 96a64 64 0 1 0 0-128 64 64 0 1 0 0 128z\"\/><\/svg><\/span>  Wifi: 1 Zugang pro Stellplatz angeboten, 3 Zug\u00e4nge pro Stellplatz Premiums angeboten<\/li>\n\n\n\n<li><span class=\"fc-icon\" style=\"width:30px; height:30px\"><svg xmlns=\"http:\/\/www.w3.org\/2000\/svg\" viewBox=\"0 0 448 512\"><!--! Font Awesome Pro 6.4.0 by @fontawesome - https:\/\/fontawesome.com License - https:\/\/fontawesome.com\/license (Commercial License) Copyright 2023 Fonticons, Inc. --><path d=\"M64 32C46.3 32 32 46.3 32 64V448c0 17.7 14.3 32 32 32H384c17.7 0 32-14.3 32-32V64c0-17.7-14.3-32-32-32H64zM0 64C0 28.7 28.7 0 64 0H384c35.3 0 64 28.7 64 64V448c0 35.3-28.7 64-64 64H64c-35.3 0-64-28.7-64-64V64zm104 8a24 24 0 1 1 0 48 24 24 0 1 1 0-48zm56 24a24 24 0 1 1 48 0 24 24 0 1 1 -48 0zM325.7 351c-7 .7-14.3 1-21.7 1c-41.8 0-72.9-20.8-95.7-36l-2.1-1.4c-25-16.7-41.3-26.6-62.2-26.6c-9.8 0-20.6 1.6-31.4 4c-.4 3.9-.6 7.9-.6 12c0 61.9 50.1 112 112 112c45.1 0 84-26.6 101.7-65zm9.5-33.4c.5-4.4 .8-8.9 .8-13.5c0-61.9-50.1-112-112-112c-45.3 0-84.4 27-102 65.7c7.4-1.1 14.8-1.7 22-1.7c32 0 56 16 80 32s48 32 80 32c10.9 0 21.4-.9 31.2-2.5zM80 304a144 144 0 1 1 288 0A144 144 0 1 1 80 304z\"\/><\/svg><\/span>  W\u00e4scherei: 5\u20ac Waschmarke \/ 4\u20ac Trocknermarke <\/li>\n\n\n\n<li><span class=\"fc-icon\" style=\"width:30px; height:30px\"><svg xmlns=\"http:\/\/www.w3.org\/2000\/svg\" viewBox=\"0 0 576 512\"><!--! Font Awesome Pro 6.4.0 by @fontawesome - https:\/\/fontawesome.com License - https:\/\/fontawesome.com\/license (Commercial License) Copyright 2023 Fonticons, Inc. --><path d=\"M352 128c0-53 43-96 96-96s96 43 96 96v80c0 8.8 7.2 16 16 16s16-7.2 16-16V128C576 57.3 518.7 0 448 0S320 57.3 320 128v64H80c-44.2 0-80 35.8-80 80V432c0 44.2 35.8 80 80 80H368c44.2 0 80-35.8 80-80V272c0-44.2-35.8-80-80-80H352V128zm-16 96h32c26.5 0 48 21.5 48 48V432c0 26.5-21.5 48-48 48H80c-26.5 0-48-21.5-48-48V272c0-26.5 21.5-48 48-48H336z\"\/><\/svg><\/span>  Safe an der Rezeption: 3\u20ac \/ Nacht<\/li>\n\n\n\n<li><span class=\"fc-icon\" style=\"width:30px; height:30px\"><svg xmlns=\"http:\/\/www.w3.org\/2000\/svg\" viewBox=\"0 0 576 512\"><!--! Font Awesome Pro 6.4.2 by @fontawesome - https:\/\/fontawesome.com License - https:\/\/fontawesome.com\/license (Commercial License) Copyright 2023 Fonticons, Inc. --><path d=\"M571.3 27.3c6.2-6.2 6.2-16.4 0-22.6s-16.4-6.2-22.6 0l-208 208-45.3-45.3c-4.8-4.8-11.2-7.4-17.9-7.4c-12.4 0-23 9-25 21.2l-9.1 54.7-9.8-1.4c-46.3-6.6-93 9-126 42L97 287c-21.1 21.1-33 49.8-33 79.7c0 1.3 .1 2.5 .4 3.7C66.1 378.2 73 384 81.3 384H96L81.3 398.7l-15 15L6.6 473.4c-4.2 4.2-6.6 10-6.6 16C0 501.9 10.1 512 22.6 512l171.9 0c39.4 0 77.2-15.6 105-43.5c33.1-33.1 48.6-79.7 42-126l-1.4-9.8 54.7-9.1c12.2-2 21.2-12.6 21.2-25c0-6.7-2.7-13.2-7.4-17.9l-45.3-45.3 208-208zM274.7 242.7l7.2-43.5 94.9 94.9-43.5 7.2-58.7-58.7zM229 266.2l24.7 3.5 52.6 52.6 3.5 24.7c5.2 36.3-7 72.9-33 98.9C255 467.7 225.4 480 194.5 480L45.3 480l73.4-73.4c9.2-9.2 11.9-22.9 6.9-34.9c-4.8-11.5-15.8-19.2-28.2-19.7c2.9-16 10.7-30.8 22.3-42.4l10.5-10.5c25.9-25.9 62.6-38.1 98.9-33z\"\/><\/svg><\/span>  Reinigungspauschale: 100\u20ac &#8211; Inklusive in den Mobilheimen Premiums<\/li>\n<\/ul>\n\n\n\n<p><strong>Alle Vermietungen erfolgen an der Rezeption, solange der Vorrat reicht. Sie k\u00f6nnen sich mit uns in Verbindung setzen, damit die Bettw\u00e4sche bei Ihrer Ankunft in Ihrem Mobilheim deponiert wird, je nach verf\u00fcgbarem Bestand.<\/strong><\/p>\n<\/div>\n<\/div>\n\n\n\n<div class=\"is-layout-flex wp-container-56 wp-block-columns reverse-mob\">\n<div class=\"is-layout-flow wp-block-column\">\n<h2 class=\"h2\">Pluspunkte:<\/h2>\n\n\n\n<ul>\n<li>Strandn\u00e4he: Zugang zum Strand in 10 Minuten zu Fu\u00df erreichbar<\/li>\n\n\n\n<li>Geselliger Familiencampingplatz<\/li>\n\n\n\n<li>Ein Wasserpark, der Gro\u00df und Klein zufriedenstellt<\/li>\n\n\n\n<li>Empfang im Drive, um Ihre Ankunft zu erleichtern<\/li>\n\n\n\n<li>Ein Team, das Ihnen zuh\u00f6rt, um Ihren Aufenthalt so angenehm wie m\u00f6glich zu gestalten<\/li>\n\n\n\n<li>Animationen und Einrichtungen f\u00fcr alle<\/li>\n\n\n\n<li>Verschiedene Partnerschaften, um die Region zu entdecken und gleichzeitig von einem besseren Preis zu profitieren<\/li>\n\n\n\n<li>Verschiedene Vermietungen von der Rezeption aus m\u00f6glich<\/li>\n\n\n\n<li>Snack , Restaurant, Lebensmittelgesch\u00e4ft und B\u00e4ckerei vor Ort, die ganze Saison \u00fcber ge\u00f6ffnet<\/li>\n\n\n\n<li>Au\u00dfenparkplatz, bewachter und gesicherter Campingplatz im Juli \/ August<\/li>\n<\/ul>\n<\/div>\n\n\n\n<div class=\"is-layout-flow wp-block-column\">\n<figure class=\"wp-block-image size-large fc-auto\"><img decoding=\"async\" width=\"1024\" height=\"683\" src=\"https:\/\/campingdujard.fr\/wp-content\/uploads\/2025\/05\/R5_6244-1024x683.jpg\" alt=\"\" class=\"wp-image-7071\" srcset=\"https:\/\/campingdujard.fr\/wp-content\/uploads\/2025\/05\/R5_6244-1024x683.jpg 1024w, https:\/\/campingdujard.fr\/wp-content\/uploads\/2025\/05\/R5_6244-300x200.jpg 300w, https:\/\/campingdujard.fr\/wp-content\/uploads\/2025\/05\/R5_6244-768x512.jpg 768w, https:\/\/campingdujard.fr\/wp-content\/uploads\/2025\/05\/R5_6244-1536x1025.jpg 1536w, https:\/\/campingdujard.fr\/wp-content\/uploads\/2025\/05\/R5_6244-2048x1366.jpg 2048w\" sizes=\"(max-width: 1024px) 100vw, 1024px\" \/><\/figure>\n<\/div>\n<\/div>\n","protected":false},"excerpt":{"rendered":"<p>Services &amp; Leistungen mit Restaurant, Bar, Fitnessraum&#8230; Campingplatz La Tranche sur Mer mit Service 4-Sterne-Service f\u00fcr einen au\u00dfergew\u00f6hnlichen Urlaub in La Tranche sur Mer Ihr Campingplatz hat eine ideale Lage am Meer, sodass Sie die Freuden des Ozeans und die Landschaften der K\u00fcste der Vend\u00e9e in vollen Z\u00fcgen genie\u00dfen k\u00f6nnen. Damit Sie Ihren Urlaub in [&hellip;]<\/p>\n","protected":false},"author":1,"featured_media":0,"parent":0,"menu_order":0,"comment_status":"closed","ping_status":"closed","template":"","meta":[],"acf":[],"_links":{"self":[{"href":"https:\/\/campingdujard.fr\/de\/wp-json\/wp\/v2\/pages\/3272"}],"collection":[{"href":"https:\/\/campingdujard.fr\/de\/wp-json\/wp\/v2\/pages"}],"about":[{"href":"https:\/\/campingdujard.fr\/de\/wp-json\/wp\/v2\/types\/page"}],"author":[{"embeddable":true,"href":"https:\/\/campingdujard.fr\/de\/wp-json\/wp\/v2\/users\/1"}],"replies":[{"embeddable":true,"href":"https:\/\/campingdujard.fr\/de\/wp-json\/wp\/v2\/comments?post=3272"}],"version-history":[{"count":6,"href":"https:\/\/campingdujard.fr\/de\/wp-json\/wp\/v2\/pages\/3272\/revisions"}],"predecessor-version":[{"id":7733,"href":"https:\/\/campingdujard.fr\/de\/wp-json\/wp\/v2\/pages\/3272\/revisions\/7733"}],"wp:attachment":[{"href":"https:\/\/campingdujard.fr\/de\/wp-json\/wp\/v2\/media?parent=3272"}],"curies":[{"name":"wp","href":"https:\/\/api.w.org\/{rel}","templated":true}]}}